{"id":2467,"date":"2022-01-13T13:51:21","date_gmt":"2022-01-13T10:51:21","guid":{"rendered":"http:\/\/suleymankumbasar.com\/?page_id=2467"},"modified":"2022-01-13T21:05:18","modified_gmt":"2022-01-13T18:05:18","slug":"goz-alti-isik-dolgusu","status":"publish","type":"page","link":"https:\/\/suleymankumbasar.com\/?page_id=2467","title":{"rendered":"G\u00d6Z ALTI I\u015eIK DOLGUSU"},"content":{"rendered":"\t\t<div data-elementor-type=\"wp-page\" data-elementor-id=\"2467\" class=\"elementor elementor-2467\">\n\t\t\t\t\t\t<section class=\"elementor-section elementor-top-section elementor-element elementor-element-6711d6c2 elementor-section-boxed elementor-section-height-default elementor-section-height-default\" data-id=\"6711d6c2\" data-element_type=\"section\" data-e-type=\"section\">\n\t\t\t\t\t\t<div class=\"elementor-container elementor-column-gap-default\">\n\t\t\t\t\t<div class=\"elementor-column elementor-col-100 elementor-top-column elementor-element elementor-element-44c8f5ff ot-flex-column-vertical\" data-id=\"44c8f5ff\" data-element_type=\"column\" data-e-type=\"column\">\n\t\t\t<div class=\"elementor-widget-wrap elementor-element-populated\">\n\t\t\t\t\t\t<div class=\"elementor-element elementor-element-37a0f590 elementor-widget elementor-widget-heading\" data-id=\"37a0f590\" data-element_type=\"widget\" data-e-type=\"widget\" data-widget_type=\"heading.default\">\n\t\t\t\t<div class=\"elementor-widget-container\">\n\t\t\t\t\t<h2 class=\"elementor-heading-title elementor-size-default\">G\u00f6z Alt\u0131 I\u015f\u0131k Dolgusu<\/h2>\t\t\t\t<\/div>\n\t\t\t\t<\/div>\n\t\t\t\t<div class=\"elementor-element elementor-element-26fc4c0 elementor-widget elementor-widget-text-editor\" data-id=\"26fc4c0\" data-element_type=\"widget\" data-e-type=\"widget\" data-widget_type=\"text-editor.default\">\n\t\t\t\t<div class=\"elementor-widget-container\">\n\t\t\t\t\t\t\t\t\t<p>G\u00f6z alt\u0131 \u0131\u015f\u0131k dolgusu, ya\u015flanma kar\u015f\u0131t\u0131 uygulamalar aras\u0131nda her ge\u00e7en g\u00fcn pop\u00fclerli\u011fi artan uygulamalardan biridir. Dolgu ile g\u00f6z alt\u0131ndaki \u00e7\u00f6k\u00fckleri, morluklar\u0131, torbalar\u0131, koyu renkli halkalar\u0131 ve g\u00f6z \u00e7evresindeki k\u0131r\u0131\u015f\u0131kl\u0131klar\u0131 gidermek i\u00e7in uygulanan bir medikal estetik y\u00f6ntemidir. Genetik yap\u0131 olarak g\u00f6z alt\u0131nda renk de\u011fi\u015fimleri ve erken ya\u015fta morluk olu\u015fumu veya ya\u015fam \u015fekline ba\u011fl\u0131 olarak yorgun g\u00f6r\u00fcnen g\u00f6z altlar\u0131 i\u00e7in de uygulanabilen bir y\u00f6ntemdir. Di\u011fer dolgu uygulamalar\u0131ndan farkl\u0131 olarak g\u00f6z alt\u0131 \u0131\u015f\u0131k dolgusu, uygulama b\u00f6lgesini besleyip nemlendirmesi \u00fczerine tasarlanm\u0131\u015ft\u0131r. Bu \u00f6zelli\u011fi sayesinde cilt bak\u0131m\u0131 olarak da d\u00fc\u015f\u00fcn\u00fclebilmektedir. G\u00f6z alt\u0131 \u0131\u015f\u0131k dolgusu, g\u00f6z alt\u0131 b\u00f6lgesine kan\u00fcl yard\u0131m\u0131 ile uygulanmaktad\u0131r.<\/p>\t\t\t\t\t\t\t\t<\/div>\n\t\t\t\t<\/div>\n\t\t\t\t\t<\/div>\n\t\t<\/div>\n\t\t\t\t\t<\/div>\n\t\t<\/section>\n\t\t\t\t<section class=\"elementor-section elementor-top-section elementor-element elementor-element-3632b51 elementor-section-boxed elementor-section-height-default elementor-section-height-default\" data-id=\"3632b51\" data-element_type=\"section\" data-e-type=\"section\">\n\t\t\t\t\t\t<div class=\"elementor-container elementor-column-gap-default\">\n\t\t\t\t\t<div class=\"elementor-column elementor-col-100 elementor-top-column elementor-element elementor-element-f8252a9 ot-flex-column-vertical\" data-id=\"f8252a9\" data-element_type=\"column\" data-e-type=\"column\">\n\t\t\t<div class=\"elementor-widget-wrap elementor-element-populated\">\n\t\t\t\t\t\t<div class=\"elementor-element elementor-element-8b68908 elementor-widget elementor-widget-heading\" data-id=\"8b68908\" data-element_type=\"widget\" data-e-type=\"widget\" data-widget_type=\"heading.default\">\n\t\t\t\t<div class=\"elementor-widget-container\">\n\t\t\t\t\t<h2 class=\"elementor-heading-title elementor-size-default\">G\u00f6z Alt\u0131 I\u015f\u0131k Dolgusunda Nelere Dikkat Edilmelidir?<\/h2>\t\t\t\t<\/div>\n\t\t\t\t<\/div>\n\t\t\t\t<div class=\"elementor-element elementor-element-396fdc9 elementor-widget elementor-widget-text-editor\" data-id=\"396fdc9\" data-element_type=\"widget\" data-e-type=\"widget\" data-widget_type=\"text-editor.default\">\n\t\t\t\t<div class=\"elementor-widget-container\">\n\t\t\t\t\t\t\t\t\t<p>G\u00f6z alt\u0131 \u0131\u015f\u0131k dolgusu yapt\u0131r\u0131rken dolgu materyaline \u00f6zen g\u00f6sterilmesi gerekmektedir. Dolgu materyali olarak i\u00e7erisinde hyaluronik asit, vitamin ve peptidler bulundurmas\u0131,hem do\u011fru bir uygulama olmas\u0131 hem de uygulama b\u00f6lgesini beslemesini sa\u011flamaktad\u0131r. Uygulaman\u0131n alan\u0131nda uzman bir hekim taraf\u0131ndan yap\u0131lmas\u0131 b\u00fcy\u00fck \u00f6nem ta\u015f\u0131maktad\u0131r. G\u00f6z alt\u0131 b\u00f6lgesi hassas ve riskli bir b\u00f6lge oldu\u011fundan uygulama profesyonel bir hekim taraf\u0131ndan ger\u00e7ekle\u015ftirilmelidir.<\/p><p>Uygulama sonras\u0131ndaki g\u00fcnlerde dikkat edilmesi gereken baz\u0131 hususlar yer almaktad\u0131r. Uygulama ard\u0131ndan ilk g\u00fcn s\u0131cak du\u015f al\u0131nmamal\u0131 ve b\u00f6lge ovu\u015fturulmamal\u0131d\u0131r. \u0130ki g\u00fcn boyunca b\u00f6lgeye herhangi bir kozmetik \u00fcr\u00fcn uygulanmamal\u0131d\u0131r.<\/p>\t\t\t\t\t\t\t\t<\/div>\n\t\t\t\t<\/div>\n\t\t\t\t\t<\/div>\n\t\t<\/div>\n\t\t\t\t\t<\/div>\n\t\t<\/section>\n\t\t\t\t<section class=\"elementor-section elementor-top-section elementor-element elementor-element-e53adfb elementor-section-boxed elementor-section-height-default elementor-section-height-default\" data-id=\"e53adfb\" data-element_type=\"section\" data-e-type=\"section\">\n\t\t\t\t\t\t<div class=\"elementor-container elementor-column-gap-default\">\n\t\t\t\t\t<div class=\"elementor-column elementor-col-100 elementor-top-column elementor-element elementor-element-b0ae78a ot-flex-column-vertical\" data-id=\"b0ae78a\" data-element_type=\"column\" data-e-type=\"column\">\n\t\t\t<div class=\"elementor-widget-wrap elementor-element-populated\">\n\t\t\t\t\t\t<div class=\"elementor-element elementor-element-8a79f5b elementor-widget elementor-widget-heading\" data-id=\"8a79f5b\" data-element_type=\"widget\" data-e-type=\"widget\" data-widget_type=\"heading.default\">\n\t\t\t\t<div class=\"elementor-widget-container\">\n\t\t\t\t\t<h2 class=\"elementor-heading-title elementor-size-default\">G\u00f6z Alt\u0131 I\u015f\u0131k Dolgusu Kal\u0131c\u0131 M\u0131d\u0131r?<\/h2>\t\t\t\t<\/div>\n\t\t\t\t<\/div>\n\t\t\t\t<div class=\"elementor-element elementor-element-b789c91 elementor-widget elementor-widget-text-editor\" data-id=\"b789c91\" data-element_type=\"widget\" data-e-type=\"widget\" data-widget_type=\"text-editor.default\">\n\t\t\t\t<div class=\"elementor-widget-container\">\n\t\t\t\t\t\t\t\t\t<p>G\u00f6z alt\u0131 dolgusu di\u011fer dolgu uygulamalar\u0131nda oldu\u011fu gibi kal\u0131c\u0131 bir y\u00f6ntem de\u011fildir. Kal\u0131c\u0131l\u0131k s\u00fcresi ki\u015fiden ki\u015fiye de\u011fi\u015fmekte olup, ya\u015fam \u015fekli ve cilt yap\u0131s\u0131 olduk\u00e7a b\u00fcy\u00fck \u00f6nem ta\u015f\u0131maktad\u0131r. Genelleme yap\u0131lmas\u0131 gerekirse g\u00f6z alt\u0131 \u0131\u015f\u0131k dolgusunun s\u00fcresi alt\u0131 ay kadard\u0131r. Alt\u0131 aydan sonras\u0131nda tekrar uygulanmas\u0131 gerekmektedir. Birka\u00e7 uygulama ard\u0131ndan kal\u0131c\u0131l\u0131k s\u00fcresi genellikle 1.5- 2 y\u0131la kadar uzayabilmektedir.<\/p>\t\t\t\t\t\t\t\t<\/div>\n\t\t\t\t<\/div>\n\t\t\t\t\t<\/div>\n\t\t<\/div>\n\t\t\t\t\t<\/div>\n\t\t<\/section>\n\t\t\t\t<\/div>\n\t\t","protected":false},"excerpt":{"rendered":"<p>G\u00f6z Alt\u0131 I\u015f\u0131k Dolgusu G\u00f6z alt\u0131 \u0131\u015f\u0131k dolgusu, ya\u015flanma kar\u015f\u0131t\u0131 uygulamalar aras\u0131nda her ge\u00e7en g\u00fcn pop\u00fclerli\u011fi artan uygulamalardan biridir. Dolgu ile g\u00f6z alt\u0131ndaki \u00e7\u00f6k\u00fckleri, morluklar\u0131, torbalar\u0131, koyu renkli halkalar\u0131 ve g\u00f6z \u00e7evresindeki k\u0131r\u0131\u015f\u0131kl\u0131klar\u0131 gidermek i\u00e7in uygulanan bir medikal estetik y\u00f6ntemidir. Genetik yap\u0131 olarak g\u00f6z alt\u0131nda renk de\u011fi\u015fimleri ve erken ya\u015fta morluk olu\u015fumu veya ya\u015fam \u015fekline [&hellip;]<\/p>\n","protected":false},"author":1,"featured_media":0,"parent":0,"menu_order":0,"comment_status":"closed","ping_status":"closed","template":"","meta":{"footnotes":""},"class_list":["post-2467","page","type-page","status-publish","hentry"],"_links":{"self":[{"href":"https:\/\/suleymankumbasar.com\/index.php?rest_route=\/wp\/v2\/pages\/2467","targetHints":{"allow":["GET"]}}],"collection":[{"href":"https:\/\/suleymankumbasar.com\/index.php?rest_route=\/wp\/v2\/pages"}],"about":[{"href":"https:\/\/suleymankumbasar.com\/index.php?rest_route=\/wp\/v2\/types\/page"}],"author":[{"embeddable":true,"href":"https:\/\/suleymankumbasar.com\/index.php?rest_route=\/wp\/v2\/users\/1"}],"replies":[{"embeddable":true,"href":"https:\/\/suleymankumbasar.com\/index.php?rest_route=%2Fwp%2Fv2%2Fcomments&post=2467"}],"version-history":[{"count":5,"href":"https:\/\/suleymankumbasar.com\/index.php?rest_route=\/wp\/v2\/pages\/2467\/revisions"}],"predecessor-version":[{"id":2610,"href":"https:\/\/suleymankumbasar.com\/index.php?rest_route=\/wp\/v2\/pages\/2467\/revisions\/2610"}],"wp:attachment":[{"href":"https:\/\/suleymankumbasar.com\/index.php?rest_route=%2Fwp%2Fv2%2Fmedia&parent=2467"}],"curies":[{"name":"wp","href":"https:\/\/api.w.org\/{rel}","templated":true}]}}