{"id":2304,"date":"2022-01-12T20:49:58","date_gmt":"2022-01-12T17:49:58","guid":{"rendered":"http:\/\/suleymankumbasar.com\/?page_id=2304"},"modified":"2022-01-13T21:06:47","modified_gmt":"2022-01-13T18:06:47","slug":"horlama-ve-uyku-apnesi","status":"publish","type":"page","link":"https:\/\/suleymankumbasar.com\/?page_id=2304","title":{"rendered":"HORLAMA VE UYKU APNES\u0130"},"content":{"rendered":"\t\t<div data-elementor-type=\"wp-page\" data-elementor-id=\"2304\" class=\"elementor elementor-2304\">\n\t\t\t\t\t\t<section class=\"elementor-section elementor-top-section elementor-element elementor-element-61823e3 elementor-section-boxed elementor-section-height-default elementor-section-height-default\" data-id=\"61823e3\" data-element_type=\"section\" data-e-type=\"section\">\n\t\t\t\t\t\t<div class=\"elementor-container elementor-column-gap-default\">\n\t\t\t\t\t<div class=\"elementor-column elementor-col-100 elementor-top-column elementor-element elementor-element-6791f94 ot-flex-column-vertical\" data-id=\"6791f94\" data-element_type=\"column\" data-e-type=\"column\">\n\t\t\t<div class=\"elementor-widget-wrap elementor-element-populated\">\n\t\t\t\t\t\t<div class=\"elementor-element elementor-element-542840a elementor-widget elementor-widget-heading\" data-id=\"542840a\" data-element_type=\"widget\" data-e-type=\"widget\" data-widget_type=\"heading.default\">\n\t\t\t\t<div class=\"elementor-widget-container\">\n\t\t\t\t\t<h2 class=\"elementor-heading-title elementor-size-default\">Horlama Ve Uyku Apnesi<\/h2>\t\t\t\t<\/div>\n\t\t\t\t<\/div>\n\t\t\t\t<div class=\"elementor-element elementor-element-812b336 elementor-widget elementor-widget-text-editor\" data-id=\"812b336\" data-element_type=\"widget\" data-e-type=\"widget\" data-widget_type=\"text-editor.default\">\n\t\t\t\t<div class=\"elementor-widget-container\">\n\t\t\t\t\t\t\t\t\t<p>G\u00f6r\u00fclme s\u0131k\u0131l\u0131\u011f\u0131 olduk\u00e7a yayg\u0131n olan horlama problemi, a\u011f\u0131z ve hava yolu aras\u0131ndaki darl\u0131k ve buna ba\u011fl\u0131 olarak nefes alma s\u0131ras\u0131nda bu dokularda olu\u015fan titre\u015fime ba\u011fl\u0131 olarak \u00e7\u0131kan g\u00fcr\u00fclt\u00fcl\u00fc sestir. Horlama durumu hem ki\u015fiye hem de \u00e7evresindeki ki\u015filere rahats\u0131zl\u0131k verebilmektedir ancak uykuda b\u00f6l\u00fcnmeye sebep olmuyorsa ki\u015fi i\u00e7in bir sa\u011fl\u0131k problemi olu\u015fturmamaktad\u0131r. Ertesi g\u00fcn\u00fc yorgunluk semptomuna sebebiyet verebiliyor olsa da bu horlama \u015fekli basit horlama olarak adland\u0131r\u0131lmaktad\u0131r. Bu durumun daha ileri seviyesi olan uykuda horlama ve bununla beraber uyku s\u0131ras\u0131nda nefes kesilmesi ya\u015fan\u0131yorsa, bu ciddi bir durum olarak de\u011ferlendirilmektedir. Bu durumaysa obstr\u00fcktif uyku apnesendromu ad\u0131 verilmekte olup g\u00f6r\u00fclme s\u0131kl\u0131\u011f\u0131 olduk\u00e7a y\u00fcksektir. Uyku s\u0131ras\u0131nda bu t\u00fcr solunum g\u00fc\u00e7l\u00fc\u011f\u00fc ya\u015fayan ki\u015filerin bir doktora dan\u0131\u015fmas\u0131 \u00f6nerilmektedir. Horlama ve buna ba\u011fl\u0131 geli\u015fe apnenin olu\u015fumunda \u00e7e\u015fitli nedenler yer alabilmektedir.<\/p>\t\t\t\t\t\t\t\t<\/div>\n\t\t\t\t<\/div>\n\t\t\t\t\t<\/div>\n\t\t<\/div>\n\t\t\t\t\t<\/div>\n\t\t<\/section>\n\t\t\t\t<section class=\"elementor-section elementor-top-section elementor-element elementor-element-681a78d elementor-section-boxed elementor-section-height-default elementor-section-height-default\" data-id=\"681a78d\" data-element_type=\"section\" data-e-type=\"section\">\n\t\t\t\t\t\t<div class=\"elementor-container elementor-column-gap-default\">\n\t\t\t\t\t<div class=\"elementor-column elementor-col-100 elementor-top-column elementor-element elementor-element-600a7b1 ot-flex-column-vertical\" data-id=\"600a7b1\" data-element_type=\"column\" data-e-type=\"column\">\n\t\t\t<div class=\"elementor-widget-wrap elementor-element-populated\">\n\t\t\t\t\t\t<div class=\"elementor-element elementor-element-7792c0f elementor-widget elementor-widget-heading\" data-id=\"7792c0f\" data-element_type=\"widget\" data-e-type=\"widget\" data-widget_type=\"heading.default\">\n\t\t\t\t<div class=\"elementor-widget-container\">\n\t\t\t\t\t<h2 class=\"elementor-heading-title elementor-size-default\">Horlama Ve Uyku Apnesinin Nedenleri<\/h2>\t\t\t\t<\/div>\n\t\t\t\t<\/div>\n\t\t\t\t<div class=\"elementor-element elementor-element-fd1c67d elementor-widget elementor-widget-text-editor\" data-id=\"fd1c67d\" data-element_type=\"widget\" data-e-type=\"widget\" data-widget_type=\"text-editor.default\">\n\t\t\t\t<div class=\"elementor-widget-container\">\n\t\t\t\t\t\t\t\t\t<p>Horlama olu\u015fumu ve bununla beraber ilerleyen uyku apnesinin olu\u015fumda \u00e7e\u015fitli nedenler yer alabilmektedir. Bunlar aras\u0131nda ba\u015fta obezite yer al\u0131rken, bademcik ve geniz eti bulunmas\u0131 ve bu dokularda meydana gelen \u015fi\u015flikler, alkol t\u00fcketimi, yat\u0131\u015f pozisyonu, yumu\u015fak damak gev\u015fekli\u011fi,k\u00fc\u00e7\u00fck dil uzunlu\u011fu, kraniofasialanomaliler,\u00e7enenin yap\u0131sal bozukluklar\u0131,burun e\u011frili\u011fi (septumdeviasyonu) gibi anatomik bozukluklar, kullan\u0131lan ila\u00e7lar, n\u00f6rom\u00fcsk\u00fcler nedenler gibi pek \u00e7ok neden yer alabilmektedir. Bu nedenlerden baz\u0131lar\u0131na ve a\u015fa\u011f\u0131da bahsedilen semptomlara sahip olan ki\u015filerin uyku apnesi problemleri i\u00e7in Kulak Burun Bo\u011faz hekimine dan\u0131\u015fmas\u0131 ve tedaviye ba\u015flamalar\u0131 b\u00fcy\u00fck \u00f6nem ta\u015f\u0131maktad\u0131r.<\/p>\t\t\t\t\t\t\t\t<\/div>\n\t\t\t\t<\/div>\n\t\t\t\t\t<\/div>\n\t\t<\/div>\n\t\t\t\t\t<\/div>\n\t\t<\/section>\n\t\t\t\t<section class=\"elementor-section elementor-top-section elementor-element elementor-element-ba8a317 elementor-section-boxed elementor-section-height-default elementor-section-height-default\" data-id=\"ba8a317\" data-element_type=\"section\" data-e-type=\"section\">\n\t\t\t\t\t\t<div class=\"elementor-container elementor-column-gap-default\">\n\t\t\t\t\t<div class=\"elementor-column elementor-col-100 elementor-top-column elementor-element elementor-element-74472a6 ot-flex-column-vertical\" data-id=\"74472a6\" data-element_type=\"column\" data-e-type=\"column\">\n\t\t\t<div class=\"elementor-widget-wrap elementor-element-populated\">\n\t\t\t\t\t\t<div class=\"elementor-element elementor-element-48dd2d0 elementor-widget elementor-widget-heading\" data-id=\"48dd2d0\" data-element_type=\"widget\" data-e-type=\"widget\" data-widget_type=\"heading.default\">\n\t\t\t\t<div class=\"elementor-widget-container\">\n\t\t\t\t\t<h2 class=\"elementor-heading-title elementor-size-default\">Uyku Apnesi Belirtileri<\/h2>\t\t\t\t<\/div>\n\t\t\t\t<\/div>\n\t\t\t\t<div class=\"elementor-element elementor-element-5fa432c elementor-widget elementor-widget-text-editor\" data-id=\"5fa432c\" data-element_type=\"widget\" data-e-type=\"widget\" data-widget_type=\"text-editor.default\">\n\t\t\t\t<div class=\"elementor-widget-container\">\n\t\t\t\t\t\t\t\t\t<p>Uyku apnesiciddi bir rahats\u0131zl\u0131k olup \u00f6n\u00fcne ge\u00e7ilemedi\u011fi durumlarda \u00f6l\u00fcme kadar ciddi sonu\u00e7lara sebebiyet verebilen bir sa\u011fl\u0131k problemidir. Bundan dolay\u0131 belirtilerine kar\u015f\u0131 hassasiyet g\u00f6stermek b\u00fcy\u00fck \u00f6nem ta\u015f\u0131maktad\u0131r. Bu belirtiler aras\u0131nda; yorgun uyanma, uykuda nefesin kesilmesi, dikkat da\u011f\u0131n\u0131kl\u0131\u011f\u0131, Kalp sorunlar\u0131 ve hipertansiyon, haf\u0131za problemleri, cinsel problemler, a\u011f\u0131z kurulu\u011fu ve bo\u011faz a\u011fr\u0131s\u0131 ile uyanma, g\u00fcn i\u00e7erisinde d\u00fczenli ba\u015f a\u011fr\u0131s\u0131 ve d\u00f6nmesi, uyurken bo\u011fuluyor gibi olmak, nefes nefese kalmak gibi semptomlar yer almaktad\u0131r.<\/p>\t\t\t\t\t\t\t\t<\/div>\n\t\t\t\t<\/div>\n\t\t\t\t\t<\/div>\n\t\t<\/div>\n\t\t\t\t\t<\/div>\n\t\t<\/section>\n\t\t\t\t<section class=\"elementor-section elementor-top-section elementor-element elementor-element-e2c2f3b elementor-section-boxed elementor-section-height-default elementor-section-height-default\" data-id=\"e2c2f3b\" data-element_type=\"section\" data-e-type=\"section\">\n\t\t\t\t\t\t<div class=\"elementor-container elementor-column-gap-default\">\n\t\t\t\t\t<div class=\"elementor-column elementor-col-100 elementor-top-column elementor-element elementor-element-85af9a0 ot-flex-column-vertical\" data-id=\"85af9a0\" data-element_type=\"column\" data-e-type=\"column\">\n\t\t\t<div class=\"elementor-widget-wrap elementor-element-populated\">\n\t\t\t\t\t\t<div class=\"elementor-element elementor-element-859917c elementor-widget elementor-widget-heading\" data-id=\"859917c\" data-element_type=\"widget\" data-e-type=\"widget\" data-widget_type=\"heading.default\">\n\t\t\t\t<div class=\"elementor-widget-container\">\n\t\t\t\t\t<h2 class=\"elementor-heading-title elementor-size-default\">Horlama Ve Uyku Apnesi Tedavisi<\/h2>\t\t\t\t<\/div>\n\t\t\t\t<\/div>\n\t\t\t\t<div class=\"elementor-element elementor-element-543586a elementor-widget elementor-widget-text-editor\" data-id=\"543586a\" data-element_type=\"widget\" data-e-type=\"widget\" data-widget_type=\"text-editor.default\">\n\t\t\t\t<div class=\"elementor-widget-container\">\n\t\t\t\t\t\t\t\t\t<p>Basit \u015fekilde horlama yat\u0131\u015f pozisyonu d\u00fczeltilerek, kilo verilerek, alkol ve yatmadan \u00f6nce yemek t\u00fcketiminden ka\u00e7\u0131narak ya\u015fam ve davran\u0131\u015f de\u011fi\u015fikli\u011fi yarat\u0131larak iyile\u015ftirilebilirken gerekli durumlarda cerrahi m\u00fcdahalelere ba\u015fvurulabilir. Horlama nedenleri alt\u0131nda geniz eti, bademcik veya burun e\u011frili\u011fi gibi nedenler yer al\u0131yorsa bu sorunlar\u0131n iyile\u015ftirilmesinde cerrahi m\u00fcdahalelere ba\u015fvurulabilmektedir. Gerekli dokular\u0131n al\u0131nmas\u0131, burun kemi\u011finin t\u00f6rp\u00fclenerek d\u00fczeltilmesi, gev\u015femi\u015f dokular\u0131n tekrar s\u0131k\u0131la\u015ft\u0131r\u0131lmas\u0131 veya k\u00fc\u00e7\u00fck dilin k\u0131salt\u0131lmas\u0131 gibi i\u015flemlerle a\u011f\u0131z ve hava yolunun daralmas\u0131 veya t\u0131kanmas\u0131na neden olan etkenler ortadan kald\u0131r\u0131l\u0131r.<\/p><p>Horlama devam\u0131nda gelen uygu apnesi problemi olmas\u0131 takdirinde ise \u00f6ncesinde ki\u015filerin apne problemi olup olmad\u0131\u011f\u0131ndan emin olunmal\u0131d\u0131r. Uyku apnesi te\u015fhisi uyku laboratuvarlar\u0131nda (Polisomnografi Laboratuvar\u0131) \u201cpoligrafik tetkik\u201d ger\u00e7ekle\u015ftirilmesi sonucu te\u015fhis edilmektedir. Apne te\u015fhisi konulmas\u0131yla ki\u015filerin uyku apne tedavisi g\u00f6rmeye ba\u015flamas\u0131 gerekmektedir.<\/p><p>Uyku apnesi tedavisindeyse genellikle, UPPP (Uvulo-Palato-Farengo-Plasti) y\u00f6ntemi uygulanmaktad\u0131r. Bu y\u00f6ntem kapsam\u0131nda, k\u00fc\u00e7\u00fck dil, yumu\u015fak damak gibi \u00fcst solunum yolundaki yumu\u015fak dokular\u0131n fazla k\u0131s\u0131mlar\u0131 al\u0131n\u0131r veya geni\u015fleyen dokular gerginle\u015ftirilir. Bu y\u00f6ntem sayesinde hem horlama hem de uyku apnesi s\u0131k\u0131nt\u0131lar\u0131 ortadan kald\u0131r\u0131labilir. Anteriorpalatoplasti ve lateralfar\u0131ngoplasti gibi y\u00f6ntemlerle de uyku apnesi sorunu \u00e7\u00f6z\u00fclebilmektedir. Cerrahi m\u00fcdahale uygulanamayan ki\u015filer i\u00e7inse pozitif hava yolu bas\u0131nc\u0131 (CPAP) cihaz\u0131yla tedavi uygulanmaktad\u0131r.<\/p>\t\t\t\t\t\t\t\t<\/div>\n\t\t\t\t<\/div>\n\t\t\t\t\t<\/div>\n\t\t<\/div>\n\t\t\t\t\t<\/div>\n\t\t<\/section>\n\t\t\t\t<\/div>\n\t\t","protected":false},"excerpt":{"rendered":"<p>Horlama Ve Uyku Apnesi G\u00f6r\u00fclme s\u0131k\u0131l\u0131\u011f\u0131 olduk\u00e7a yayg\u0131n olan horlama problemi, a\u011f\u0131z ve hava yolu aras\u0131ndaki darl\u0131k ve buna ba\u011fl\u0131 olarak nefes alma s\u0131ras\u0131nda bu dokularda olu\u015fan titre\u015fime ba\u011fl\u0131 olarak \u00e7\u0131kan g\u00fcr\u00fclt\u00fcl\u00fc sestir. Horlama durumu hem ki\u015fiye hem de \u00e7evresindeki ki\u015filere rahats\u0131zl\u0131k verebilmektedir ancak uykuda b\u00f6l\u00fcnmeye sebep olmuyorsa ki\u015fi i\u00e7in bir sa\u011fl\u0131k problemi olu\u015fturmamaktad\u0131r. Ertesi [&hellip;]<\/p>\n","protected":false},"author":1,"featured_media":0,"parent":0,"menu_order":0,"comment_status":"closed","ping_status":"closed","template":"","meta":{"footnotes":""},"class_list":["post-2304","page","type-page","status-publish","hentry"],"_links":{"self":[{"href":"https:\/\/suleymankumbasar.com\/index.php?rest_route=\/wp\/v2\/pages\/2304","targetHints":{"allow":["GET"]}}],"collection":[{"href":"https:\/\/suleymankumbasar.com\/index.php?rest_route=\/wp\/v2\/pages"}],"about":[{"href":"https:\/\/suleymankumbasar.com\/index.php?rest_route=\/wp\/v2\/types\/page"}],"author":[{"embeddable":true,"href":"https:\/\/suleymankumbasar.com\/index.php?rest_route=\/wp\/v2\/users\/1"}],"replies":[{"embeddable":true,"href":"https:\/\/suleymankumbasar.com\/index.php?rest_route=%2Fwp%2Fv2%2Fcomments&post=2304"}],"version-history":[{"count":5,"href":"https:\/\/suleymankumbasar.com\/index.php?rest_route=\/wp\/v2\/pages\/2304\/revisions"}],"predecessor-version":[{"id":2622,"href":"https:\/\/suleymankumbasar.com\/index.php?rest_route=\/wp\/v2\/pages\/2304\/revisions\/2622"}],"wp:attachment":[{"href":"https:\/\/suleymankumbasar.com\/index.php?rest_route=%2Fwp%2Fv2%2Fmedia&parent=2304"}],"curies":[{"name":"wp","href":"https:\/\/api.w.org\/{rel}","templated":true}]}}