{"id":2269,"date":"2022-01-12T20:41:16","date_gmt":"2022-01-12T17:41:16","guid":{"rendered":"http:\/\/suleymankumbasar.com\/?page_id=2269"},"modified":"2022-01-13T21:04:00","modified_gmt":"2022-01-13T18:04:00","slug":"primer-burun-estetigi","status":"publish","type":"page","link":"https:\/\/suleymankumbasar.com\/?page_id=2269","title":{"rendered":"PR\u0130MER BURUN ESTET\u0130\u011e\u0130"},"content":{"rendered":"\t\t<div data-elementor-type=\"wp-page\" data-elementor-id=\"2269\" class=\"elementor elementor-2269\">\n\t\t\t\t\t\t<section class=\"elementor-section elementor-top-section elementor-element elementor-element-590135f elementor-section-boxed elementor-section-height-default elementor-section-height-default\" data-id=\"590135f\" data-element_type=\"section\" data-e-type=\"section\">\n\t\t\t\t\t\t<div class=\"elementor-container elementor-column-gap-default\">\n\t\t\t\t\t<div class=\"elementor-column elementor-col-100 elementor-top-column elementor-element elementor-element-fcde58e ot-flex-column-vertical\" data-id=\"fcde58e\" data-element_type=\"column\" data-e-type=\"column\">\n\t\t\t<div class=\"elementor-widget-wrap elementor-element-populated\">\n\t\t\t\t\t\t<div class=\"elementor-element elementor-element-8d13665 elementor-widget elementor-widget-heading\" data-id=\"8d13665\" data-element_type=\"widget\" data-e-type=\"widget\" data-widget_type=\"heading.default\">\n\t\t\t\t<div class=\"elementor-widget-container\">\n\t\t\t\t\t<h2 class=\"elementor-heading-title elementor-size-default\">Primer Burun Esteti\u011fi<\/h2>\t\t\t\t<\/div>\n\t\t\t\t<\/div>\n\t\t\t\t<div class=\"elementor-element elementor-element-e139b92 elementor-widget elementor-widget-text-editor\" data-id=\"e139b92\" data-element_type=\"widget\" data-e-type=\"widget\" data-widget_type=\"text-editor.default\">\n\t\t\t\t<div class=\"elementor-widget-container\">\n\t\t\t\t\t\t\t\t\t<p>Her ki\u015finin y\u00fcz hatlar\u0131na uygun olan burun boyutu ve \u015fekli farkl\u0131d\u0131r. Bir ki\u015finin etnik k\u00f6keni, genetik fakt\u00f6rleri veya y\u00fcz\u00fcne kar\u015f\u0131 ald\u0131\u011f\u0131 darbelere ba\u011fl\u0131 olarak y\u00fcz, burun ve k\u0131k\u0131rdak yap\u0131s\u0131nda de\u011fi\u015fiklikler olabilir. Bu de\u011fi\u015fiklikler ki\u015finin y\u00fcz\u00fcndeki estetik oran\u0131 etkileyen fakt\u00f6rlerdir. Y\u00fczle uyumlu bir burun i\u00e7inse estetik oran olduk\u00e7a \u00f6nem ta\u015f\u0131maktad\u0131r. Ki\u015finin y\u00fcz geni\u015fli\u011fi ve uzunlu\u011fu ile burun boyutu uyumlu olmal\u0131d\u0131r. Burun deliklerinin \u00f6nden bak\u0131ld\u0131\u011f\u0131nda g\u00f6r\u00fcnmemesi sadece giri\u015f b\u00f6l\u00fcm\u00fcn\u00fcn g\u00f6r\u00fclmesi gerekmektedir. Burun ucu do\u011fal, t\u00fcm burunla uyumlu ve simetrik bir g\u00f6r\u00fcn\u00fcme sahip olmal\u0131d\u0131r. T\u00fcm bu estetik oran\u0131n yakalanmas\u0131 i\u00e7inse estetik bir burun de\u011ferlendirmesi ki\u015fiye \u00f6zel yap\u0131lmal\u0131d\u0131r. Estetik orana sahip olmayan burunlar\u0131n bu orana eri\u015fmesi i\u00e7inse rinoplasti cerrahiye bir di\u011fer ad\u0131yla burun esteti\u011fine ihtiya\u00e7 duyulmaktad\u0131r. Rinoplasti ameliyat\u0131 \u00f6ncesinde ki\u015finin burnuna y\u00f6nelik yap\u0131lacak m\u00fcdahaleler doktor taraf\u0131ndan ki\u015fiye \u00f6zel planlan\u0131r ve itinayla uygulan\u0131r. Ki\u015fi ilk kez burun ameliyat\u0131 ge\u00e7irecekse bu ameliyat primerrinoplasti olarak adland\u0131r\u0131lmaktad\u0131r.<\/p>\t\t\t\t\t\t\t\t<\/div>\n\t\t\t\t<\/div>\n\t\t\t\t\t<\/div>\n\t\t<\/div>\n\t\t\t\t\t<\/div>\n\t\t<\/section>\n\t\t\t\t<section class=\"elementor-section elementor-top-section elementor-element elementor-element-f6c9ef1 elementor-section-boxed elementor-section-height-default elementor-section-height-default\" data-id=\"f6c9ef1\" data-element_type=\"section\" data-e-type=\"section\">\n\t\t\t\t\t\t<div class=\"elementor-container elementor-column-gap-default\">\n\t\t\t\t\t<div class=\"elementor-column elementor-col-100 elementor-top-column elementor-element elementor-element-b7081fb ot-flex-column-vertical\" data-id=\"b7081fb\" data-element_type=\"column\" data-e-type=\"column\">\n\t\t\t<div class=\"elementor-widget-wrap elementor-element-populated\">\n\t\t\t\t\t\t<div class=\"elementor-element elementor-element-186726b elementor-widget elementor-widget-heading\" data-id=\"186726b\" data-element_type=\"widget\" data-e-type=\"widget\" data-widget_type=\"heading.default\">\n\t\t\t\t<div class=\"elementor-widget-container\">\n\t\t\t\t\t<h2 class=\"elementor-heading-title elementor-size-default\">Primer Rinoplasti Nas\u0131l Uygulan\u0131r?<\/h2>\t\t\t\t<\/div>\n\t\t\t\t<\/div>\n\t\t\t\t<div class=\"elementor-element elementor-element-d743f8f elementor-widget elementor-widget-text-editor\" data-id=\"d743f8f\" data-element_type=\"widget\" data-e-type=\"widget\" data-widget_type=\"text-editor.default\">\n\t\t\t\t<div class=\"elementor-widget-container\">\n\t\t\t\t\t\t\t\t\t<p>Primer burun estetik ameliyat\u0131 di\u011fer ad\u0131yla primerrinoplasti, buruna uygulanacak ilk burun esteti\u011fi ameliyat\u0131d\u0131r. Bu cerrahi m\u00fcdahaleyle burun kemi\u011fi t\u00f6rp\u00fclenerek burun kemi\u011fine d\u00fcz bir g\u00f6r\u00fcn\u00fcm kazand\u0131r\u0131labilir, e\u015fit olmayan burun delikleri e\u015fitlenebilir, burun kemi\u011fine ba\u011fl\u0131 olarak olu\u015fan burun t\u0131kan\u0131klar\u0131 giderilerek hastan\u0131n daha rahat nefes almas\u0131 sa\u011flanabilir. Yap\u0131lan t\u00fcm uygulamalar sonucunda da buruna estetik oranl\u0131 bir g\u00f6r\u00fcn\u00fcm kazand\u0131r\u0131l\u0131r. Doktorun estetik donu\u015flar\u0131 bu ameliyatta olduk\u00e7a \u00f6nemlidir. Ameliyat sonras\u0131nda iyile\u015fme s\u00fcrecine g\u00f6sterilen \u00f6zen de ameliyat\u0131n ba\u015far\u0131s\u0131 i\u00e7in b\u00fcy\u00fck \u00f6nem ta\u015f\u0131maktad\u0131r. Rinoplasti, ki\u015fiye \u00f6zel tasarlanan bir ameliyatt\u0131r. Ameliyat \u00f6ncesinde doktorunuz \u00f6zel bilgisayar programlar\u0131 arac\u0131l\u0131\u011f\u0131yla ameliyat sonras\u0131ndaki burnunuzun g\u00f6r\u00fcnt\u00fcs\u00fcn\u00fc sizlere sunabilmektedir. Bu sayede ameliyat sonucu, uygulama \u00f6ncesinde de tahmin edilebilir olmaktad\u0131r. Estetik m\u00fcdahale ger\u00e7ekle\u015ftirilebilmesi i\u00e7inse 16 ya\u015f\u0131ndan b\u00fcy\u00fck olunmas\u0131 ve ki\u015finin sa\u011fl\u0131k durumunun ameliyat i\u00e7in uygun olmas\u0131 gerekmektedir. Ameliyat s\u00fcresi 2-3 saat kadar s\u00fcrmekle beraber ameliyat s\u00fcreci ve sonras\u0131na ba\u011fl\u0131 olarak ki\u015filer bir gece hastanede misafir edilebilir veya taburcu edilebilirler.<\/p>\t\t\t\t\t\t\t\t<\/div>\n\t\t\t\t<\/div>\n\t\t\t\t\t<\/div>\n\t\t<\/div>\n\t\t\t\t\t<\/div>\n\t\t<\/section>\n\t\t\t\t<section class=\"elementor-section elementor-top-section elementor-element elementor-element-f5fffa9 elementor-section-boxed elementor-section-height-default elementor-section-height-default\" data-id=\"f5fffa9\" data-element_type=\"section\" data-e-type=\"section\">\n\t\t\t\t\t\t<div class=\"elementor-container elementor-column-gap-default\">\n\t\t\t\t\t<div class=\"elementor-column elementor-col-100 elementor-top-column elementor-element elementor-element-fe3856c ot-flex-column-vertical\" data-id=\"fe3856c\" data-element_type=\"column\" data-e-type=\"column\">\n\t\t\t<div class=\"elementor-widget-wrap elementor-element-populated\">\n\t\t\t\t\t\t<div class=\"elementor-element elementor-element-d10affb elementor-widget elementor-widget-heading\" data-id=\"d10affb\" data-element_type=\"widget\" data-e-type=\"widget\" data-widget_type=\"heading.default\">\n\t\t\t\t<div class=\"elementor-widget-container\">\n\t\t\t\t\t<h2 class=\"elementor-heading-title elementor-size-default\">Primer Rinoplasti Sonras\u0131 \u0130yile\u015fme S\u00fcreci Nas\u0131ld\u0131r?<\/h2>\t\t\t\t<\/div>\n\t\t\t\t<\/div>\n\t\t\t\t<div class=\"elementor-element elementor-element-a86e7d0 elementor-widget elementor-widget-text-editor\" data-id=\"a86e7d0\" data-element_type=\"widget\" data-e-type=\"widget\" data-widget_type=\"text-editor.default\">\n\t\t\t\t<div class=\"elementor-widget-container\">\n\t\t\t\t\t\t\t\t\t<p>Ameliyat sonras\u0131nda doktorunuzun \u00f6nerece\u011fi \u015fekilde kontrol randevular\u0131na gelinmesi b\u00fcy\u00fck \u00f6nem ta\u015f\u0131maktad\u0131r. Ameliyat sonras\u0131nda burun \u00e7evresine yerle\u015ftirilen tamponlardan ve al\u00e7\u0131dan endi\u015fe duyulmamal\u0131d\u0131r. Bu tamponlar ameliyattan sonraki kanamalar\u0131 \u00f6nlemek ad\u0131na yerle\u015ftirilmi\u015f olup, 2- 4 g\u00fcn sonra \u00e7\u0131kar\u0131lmaktad\u0131r. Al\u00e7\u0131lar ise 7 g\u00fcn sonra \u00e7\u0131kar\u0131larak g\u00fcnl\u00fck hayata rahat bir d\u00f6n\u00fc\u015f yap\u0131labilmektedir. Al\u00e7\u0131larla birlikte burun ucundaki diki\u015fler de al\u0131nmaktad\u0131r. Bu i\u015flemler ac\u0131l\u0131 i\u015flemler olmamakla birlikte endi\u015fe duyulmas\u0131na gerek yoktur. Ameliyat sonras\u0131nda olu\u015facak \u015fi\u015flik ve \u00f6demin da\u011f\u0131lma s\u00fcresiyse ki\u015fiden ki\u015fiye de\u011fi\u015fmekle beraber genellikle 10 g\u00fcn i\u00e7erisinde azalarak yok olmaktad\u0131rlar. Kontrol randevular\u0131nda doktorunuzun s\u00f6ylediklerini uygulamak ise hem size rahatl\u0131k verir hem de ameliyat sonucunuzun sa\u011fl\u0131kl\u0131 bir \u015fekilde iyile\u015fmesini sa\u011flar. 6 ay i\u00e7erisinde \u015fi\u015fliklerin %80\u2019ine yak\u0131n inerken \u015fi\u015flik ve \u00f6demin tam olarak ge\u00e7erek ameliyat\u0131n oturmas\u0131 bir y\u0131la yak\u0131n s\u00fcrmektedir.<\/p>\t\t\t\t\t\t\t\t<\/div>\n\t\t\t\t<\/div>\n\t\t\t\t\t<\/div>\n\t\t<\/div>\n\t\t\t\t\t<\/div>\n\t\t<\/section>\n\t\t\t\t<section class=\"elementor-section elementor-top-section elementor-element elementor-element-f8ee51c elementor-section-boxed elementor-section-height-default elementor-section-height-default\" data-id=\"f8ee51c\" data-element_type=\"section\" data-e-type=\"section\">\n\t\t\t\t\t\t<div class=\"elementor-container elementor-column-gap-default\">\n\t\t\t\t\t<div class=\"elementor-column elementor-col-100 elementor-top-column elementor-element elementor-element-f810a33 ot-flex-column-vertical\" data-id=\"f810a33\" data-element_type=\"column\" data-e-type=\"column\">\n\t\t\t<div class=\"elementor-widget-wrap elementor-element-populated\">\n\t\t\t\t\t\t<div class=\"elementor-element elementor-element-e7b01dc elementor-widget elementor-widget-heading\" data-id=\"e7b01dc\" data-element_type=\"widget\" data-e-type=\"widget\" data-widget_type=\"heading.default\">\n\t\t\t\t<div class=\"elementor-widget-container\">\n\t\t\t\t\t<h2 class=\"elementor-heading-title elementor-size-default\">Ameliyat Sonras\u0131 Dikkat Edilmesi Gerekenler<\/h2>\t\t\t\t<\/div>\n\t\t\t\t<\/div>\n\t\t\t\t<div class=\"elementor-element elementor-element-4f0d90a elementor-widget elementor-widget-text-editor\" data-id=\"4f0d90a\" data-element_type=\"widget\" data-e-type=\"widget\" data-widget_type=\"text-editor.default\">\n\t\t\t\t<div class=\"elementor-widget-container\">\n\t\t\t\t\t\t\t\t\t<p>Primerrinoplasti sonras\u0131 1 veya 2 g\u00fcn kadar dik bir \u015fekilde yat\u0131lmas\u0131 gerekir. Bu pozisyonu sa\u011flamak i\u00e7in 2 yast\u0131k kullan\u0131labilir. Ameliyat sonras\u0131nda hafif rahats\u0131zl\u0131k vermeyecek besinlerin tercih edilmesi b\u00fcy\u00fck \u00f6nem ta\u015f\u0131maktad\u0131r. \u00d6zellikle hap\u015f\u0131rmaya sebep olacak baharatl\u0131 yiyecekler, burunda hassasiyet yaratabilecek a\u015f\u0131r\u0131 so\u011fuk veya s\u0131cak g\u0131dalardan ka\u00e7\u0131n\u0131lmal\u0131d\u0131r. Kan suland\u0131r\u0131c\u0131 etkisi olan ye\u015fil \u00e7ay ilk birka\u00e7 g\u00fcn boyunca \u00f6nerilmemektedir. Ameliyat sonras\u0131ndaki g\u00fcn du\u015f al\u0131nabilmektedir ancak burunda bulunan tamponlar \u0131slanmamal\u0131d\u0131r. Bundan dolay\u0131 kuaf\u00f6r tarz\u0131 y\u0131kama ger\u00e7ekle\u015ftirmek daha uygun bir y\u0131kama y\u00f6ntemidir. Burun i\u00e7erisindeki tamponlar, b\u00f6lgedeki kanamay\u0131 emmek ve durdurmak i\u00e7in yerle\u015ftirilir. \u0130yile\u015fme s\u00fcrecinde hem kan hem de burun s\u0131v\u0131s\u0131yla beraber tamponlarda t\u0131kan\u0131kl\u0131k olu\u015fup nefes almada g\u00fc\u00e7l\u00fck \u00e7ekilebilir. Bu durumda doktorunuzun uygun g\u00f6rd\u00fc\u011f\u00fc burun a\u00e7\u0131c\u0131 spreyler kullan\u0131lmal\u0131d\u0131r. Tamponlar\u0131n \u00e7\u0131kmas\u0131 ve diki\u015flerin al\u0131nmas\u0131yla yine doktorunuzun uygun g\u00f6rd\u00fc\u011f\u00fc takdirde burun masaj\u0131 yap\u0131labilir. Bu noktada doktorunuzun g\u00f6sterece\u011fi masaj hareketlerini yapmak b\u00fcy\u00fck \u00f6nem ta\u015f\u0131maktad\u0131r. Bununla birlikte 3 ay kadar buruna darbe gelebilecek; boks, futbol, basketbol gibi sporlardan uzak durulmal\u0131 burun darbelere kar\u015f\u0131 korunmal\u0131d\u0131r.<\/p>\t\t\t\t\t\t\t\t<\/div>\n\t\t\t\t<\/div>\n\t\t\t\t\t<\/div>\n\t\t<\/div>\n\t\t\t\t\t<\/div>\n\t\t<\/section>\n\t\t\t\t<\/div>\n\t\t","protected":false},"excerpt":{"rendered":"<p>Primer Burun Esteti\u011fi Her ki\u015finin y\u00fcz hatlar\u0131na uygun olan burun boyutu ve \u015fekli farkl\u0131d\u0131r. Bir ki\u015finin etnik k\u00f6keni, genetik fakt\u00f6rleri veya y\u00fcz\u00fcne kar\u015f\u0131 ald\u0131\u011f\u0131 darbelere ba\u011fl\u0131 olarak y\u00fcz, burun ve k\u0131k\u0131rdak yap\u0131s\u0131nda de\u011fi\u015fiklikler olabilir. Bu de\u011fi\u015fiklikler ki\u015finin y\u00fcz\u00fcndeki estetik oran\u0131 etkileyen fakt\u00f6rlerdir. Y\u00fczle uyumlu bir burun i\u00e7inse estetik oran olduk\u00e7a \u00f6nem ta\u015f\u0131maktad\u0131r. Ki\u015finin y\u00fcz geni\u015fli\u011fi [&hellip;]<\/p>\n","protected":false},"author":1,"featured_media":0,"parent":0,"menu_order":0,"comment_status":"closed","ping_status":"closed","template":"","meta":{"footnotes":""},"class_list":["post-2269","page","type-page","status-publish","hentry"],"_links":{"self":[{"href":"https:\/\/suleymankumbasar.com\/index.php?rest_route=\/wp\/v2\/pages\/2269","targetHints":{"allow":["GET"]}}],"collection":[{"href":"https:\/\/suleymankumbasar.com\/index.php?rest_route=\/wp\/v2\/pages"}],"about":[{"href":"https:\/\/suleymankumbasar.com\/index.php?rest_route=\/wp\/v2\/types\/page"}],"author":[{"embeddable":true,"href":"https:\/\/suleymankumbasar.com\/index.php?rest_route=\/wp\/v2\/users\/1"}],"replies":[{"embeddable":true,"href":"https:\/\/suleymankumbasar.com\/index.php?rest_route=%2Fwp%2Fv2%2Fcomments&post=2269"}],"version-history":[{"count":8,"href":"https:\/\/suleymankumbasar.com\/index.php?rest_route=\/wp\/v2\/pages\/2269\/revisions"}],"predecessor-version":[{"id":2598,"href":"https:\/\/suleymankumbasar.com\/index.php?rest_route=\/wp\/v2\/pages\/2269\/revisions\/2598"}],"wp:attachment":[{"href":"https:\/\/suleymankumbasar.com\/index.php?rest_route=%2Fwp%2Fv2%2Fmedia&parent=2269"}],"curies":[{"name":"wp","href":"https:\/\/api.w.org\/{rel}","templated":true}]}}