{"id":2244,"date":"2022-01-12T00:33:42","date_gmt":"2022-01-11T21:33:42","guid":{"rendered":"http:\/\/suleymankumbasar.com\/?page_id=2244"},"modified":"2022-01-13T21:06:31","modified_gmt":"2022-01-13T18:06:31","slug":"kulak-hastaliklari","status":"publish","type":"page","link":"https:\/\/suleymankumbasar.com\/?page_id=2244","title":{"rendered":"KULAK HASTALIKLARI"},"content":{"rendered":"\t\t<div data-elementor-type=\"wp-page\" data-elementor-id=\"2244\" class=\"elementor elementor-2244\">\n\t\t\t\t\t\t<section class=\"elementor-section elementor-top-section elementor-element elementor-element-5061f31d elementor-section-boxed elementor-section-height-default elementor-section-height-default\" data-id=\"5061f31d\" data-element_type=\"section\" data-e-type=\"section\">\n\t\t\t\t\t\t<div class=\"elementor-container elementor-column-gap-default\">\n\t\t\t\t\t<div class=\"elementor-column elementor-col-100 elementor-top-column elementor-element elementor-element-30e65198 ot-flex-column-vertical\" data-id=\"30e65198\" data-element_type=\"column\" data-e-type=\"column\">\n\t\t\t<div class=\"elementor-widget-wrap elementor-element-populated\">\n\t\t\t\t\t\t<div class=\"elementor-element elementor-element-101c0cca elementor-widget elementor-widget-heading\" data-id=\"101c0cca\" data-element_type=\"widget\" data-e-type=\"widget\" data-widget_type=\"heading.default\">\n\t\t\t\t<div class=\"elementor-widget-container\">\n\t\t\t\t\t<h2 class=\"elementor-heading-title elementor-size-default\">Kulak Hastal\u0131klar\u0131<\/h2>\t\t\t\t<\/div>\n\t\t\t\t<\/div>\n\t\t\t\t<div class=\"elementor-element elementor-element-76d13a7e elementor-widget elementor-widget-text-editor\" data-id=\"76d13a7e\" data-element_type=\"widget\" data-e-type=\"widget\" data-widget_type=\"text-editor.default\">\n\t\t\t\t<div class=\"elementor-widget-container\">\n\t\t\t\t\t\t\t\t\t<p>D\u0131\u015f kulak, i\u00e7 kulak ve orta kulak olmak \u00fczere \u00fc\u00e7 k\u0131s\u0131mdan olu\u015fan kulak, sesleri i\u015fitmemizi sa\u011flayan bir duyu organ\u0131d\u0131r. Bu \u00fc\u00e7 yap\u0131dan herhangi birinde olu\u015fan bir rahats\u0131zl\u0131k ile \u00e7e\u015fitli semptomlar olu\u015fabilir ve bu semptomlar kimi zaman t\u00fcm v\u00fccudu tesir alt\u0131na alabilecek etkiye sahip olabilirler. Ba\u015flang\u0131\u00e7 \u015fekilleri ve ba\u015flad\u0131klar\u0131 yap\u0131lara g\u00f6re \u00e7e\u015fitli kulak hastal\u0131klar\u0131 bulunmaktad\u0131r. Her bir hastal\u0131\u011f\u0131n olu\u015fum nedeni, hastal\u0131\u011f\u0131n tutulum b\u00f6lgesi ve tedavisi de\u011fi\u015fiklik g\u00f6stermektedir. Belirli belirti ve \u015fikayetlere sahip olan ki\u015filerin KBB uzman\u0131na dan\u0131\u015fmas\u0131 gerekir.<\/p>\t\t\t\t\t\t\t\t<\/div>\n\t\t\t\t<\/div>\n\t\t\t\t\t<\/div>\n\t\t<\/div>\n\t\t\t\t\t<\/div>\n\t\t<\/section>\n\t\t\t\t<section class=\"elementor-section elementor-top-section elementor-element elementor-element-dc4b437 elementor-section-boxed elementor-section-height-default elementor-section-height-default\" data-id=\"dc4b437\" data-element_type=\"section\" data-e-type=\"section\">\n\t\t\t\t\t\t<div class=\"elementor-container elementor-column-gap-default\">\n\t\t\t\t\t<div class=\"elementor-column elementor-col-100 elementor-top-column elementor-element elementor-element-c6a2679 ot-flex-column-vertical\" data-id=\"c6a2679\" data-element_type=\"column\" data-e-type=\"column\">\n\t\t\t<div class=\"elementor-widget-wrap elementor-element-populated\">\n\t\t\t\t\t\t<div class=\"elementor-element elementor-element-a734657 elementor-widget elementor-widget-heading\" data-id=\"a734657\" data-element_type=\"widget\" data-e-type=\"widget\" data-widget_type=\"heading.default\">\n\t\t\t\t<div class=\"elementor-widget-container\">\n\t\t\t\t\t<h2 class=\"elementor-heading-title elementor-size-default\">Kulak Hastal\u0131klar\u0131 Ve Belirtileri Nelerdir?<\/h2>\t\t\t\t<\/div>\n\t\t\t\t<\/div>\n\t\t\t\t<div class=\"elementor-element elementor-element-2d650c9 elementor-widget elementor-widget-text-editor\" data-id=\"2d650c9\" data-element_type=\"widget\" data-e-type=\"widget\" data-widget_type=\"text-editor.default\">\n\t\t\t\t<div class=\"elementor-widget-container\">\n\t\t\t\t\t\t\t\t\t<p>\u00c7e\u015fitli etkenlere ba\u011fl\u0131 olarak kulak hastal\u0131klar\u0131 meydana gelebilir. Ge\u00e7irilen bir enfeksiyon, kulak i\u00e7inde biriken kirler, maruz kal\u0131nan a\u015f\u0131r\u0131 y\u00fcksek ses veya ge\u00e7irilen bir kaza kulak hastal\u0131klar\u0131na sebebiyet verebilir. S\u0131kl\u0131kla kar\u015f\u0131la\u015f\u0131lan kulak hastal\u0131klar\u0131ndan biri olan Meniere, kulakta olu\u015fan a\u015f\u0131r\u0131 bas\u0131n\u00e7 sonucunda i\u00e7 kulaktaki bas\u0131n\u00e7 de\u011fi\u015fimine ba\u011fl\u0131 olarak a\u00e7\u0131\u011fa \u00e7\u0131kar. Bir di\u011fer ad\u0131yla kulak tansiyonu olan Meniere, i\u00e7 kulak hastal\u0131\u011f\u0131 olup burada yer alan denge merkezlerinin zarar g\u00f6rmesi durumudur. Belirtileri aras\u0131nda ba\u015f d\u00f6nmesi, kulak \u00e7\u0131nlamas\u0131 veya duyma g\u00fc\u00e7l\u00fc\u011f\u00fc yer al\u0131r. Hastal\u0131k nedenini tam olarak belirtilmemekle birlikte enfeksiyon ve alerjik durumlar sonucu a\u00e7\u0131\u011fa \u00e7\u0131kt\u0131\u011f\u0131 d\u00fc\u015f\u00fcn\u00fclmektedir.<\/p><p>Kulak t\u0131kan\u0131kl\u0131\u011f\u0131 her ya\u015f grubunda s\u0131kl\u0131kla kar\u015f\u0131la\u015f\u0131lan bir hastal\u0131kt\u0131r. Genellikle bir hastal\u0131k sonucu de\u011fil, kulak salg\u0131s\u0131n\u0131n birikmesinden kaynakl\u0131 a\u00e7\u0131\u011fa \u00e7\u0131kar. Kulak s\u0131v\u0131s\u0131 normalde at\u0131labilirken \u00e7e\u015fitli etkilerden kaynakl\u0131 at\u0131lamad\u0131\u011f\u0131nda bu sorun a\u00e7\u0131\u011fa \u00e7\u0131kabilir. Kulak \u00e7ubu\u011fu ile temizleme y\u00f6ntemi bu etkenlerden en b\u00fcy\u00fc\u011f\u00fc olmaktad\u0131r. Kulak t\u0131kan\u0131kl\u0131\u011f\u0131 sonucunda kulak a\u011fr\u0131s\u0131, i\u015fitme kayb\u0131 gibi semptomlar meydana gelebilmektedir.<\/p><p>D\u0131\u015f ve orta kulak iltihab\u0131ysa genellikle yaz d\u00f6nemlerinde meydana \u00e7\u0131kan rahats\u0131zl\u0131klard\u0131r. \u00d6zellikle tatil sonras\u0131nda kirli havuz, deniz veya du\u015f sular\u0131ndan kap\u0131lan bakteriler taraf\u0131ndan kulakta iltihap olu\u015fumu g\u00f6r\u00fcl\u00fcr. Kulak hijyenine \u00f6nem vermeyen ki\u015filerde de kar\u015f\u0131la\u015f\u0131lan bir durumdur. \u0130ki hastal\u0131k aras\u0131ndaki fark kulakta tutulum ger\u00e7ekle\u015ftirdikleri yerlerdir. D\u0131\u015f kulak iltihab\u0131 belirtileri aras\u0131nda; kulakta ka\u015f\u0131nt\u0131 ve \u015fi\u015fme, k\u0131zar\u0131kl\u0131k, ak\u0131nt\u0131, ge\u00e7meyen a\u011fr\u0131 ve i\u015fitme kayb\u0131 yer almaktad\u0131r. Ortak kulak iltihab\u0131ndaysa semptomlar daha ileri seviyede olabilmektedir. Bunlar aras\u0131nda, sinirlilik, ate\u015f ve kulaktan koyu renkli s\u0131v\u0131 ak\u0131nt\u0131s\u0131 yer almaktad\u0131r.<\/p><p>Kulak \u00e7\u0131nlamas\u0131 ise kulak enfeksiyonlar\u0131, y\u00fcksek g\u00fcr\u00fclt\u00fcye maruz kalma ve travmalardan kaynakl\u0131 olu\u015fabilir. Vertigo ise ani bas\u0131n\u00e7 de\u011fi\u015fimleri, kulak b\u00f6lgesine al\u0131nan bir darbe veya ani boyun hareketleri sonucu g\u00f6r\u00fclebilmektedir. Vertigo halk aras\u0131nda ba\u015f d\u00f6nmesi olarak adland\u0131r\u0131lan, akut veya kronik \u015fekilde g\u00f6r\u00fclebilen bir hastal\u0131kt\u0131r. \u0130\u00e7 kulak k\u0131sm\u0131nda yer alan ve denge merkezinde bulunan kulak kristallerindeki yer de\u011fi\u015fimleri veya beynin alt k\u0131sm\u0131nda kan birikimi sonucu a\u00e7\u0131\u011fa \u00e7\u0131kabilmektedir.Vertigo belirtileri aras\u0131nda ba\u015f d\u00f6nmesi ba\u015f s\u0131rada yer al\u0131rken, mide bulant\u0131s\u0131 ve kusma di\u011fer semptomlar aras\u0131nda yer almaktad\u0131r.<\/p>\t\t\t\t\t\t\t\t<\/div>\n\t\t\t\t<\/div>\n\t\t\t\t\t<\/div>\n\t\t<\/div>\n\t\t\t\t\t<\/div>\n\t\t<\/section>\n\t\t\t\t<section class=\"elementor-section elementor-top-section elementor-element elementor-element-a8c2176 elementor-section-boxed elementor-section-height-default elementor-section-height-default\" data-id=\"a8c2176\" data-element_type=\"section\" data-e-type=\"section\">\n\t\t\t\t\t\t<div class=\"elementor-container elementor-column-gap-default\">\n\t\t\t\t\t<div class=\"elementor-column elementor-col-100 elementor-top-column elementor-element elementor-element-8410183 ot-flex-column-vertical\" data-id=\"8410183\" data-element_type=\"column\" data-e-type=\"column\">\n\t\t\t<div class=\"elementor-widget-wrap elementor-element-populated\">\n\t\t\t\t\t\t<div class=\"elementor-element elementor-element-57834af elementor-widget elementor-widget-heading\" data-id=\"57834af\" data-element_type=\"widget\" data-e-type=\"widget\" data-widget_type=\"heading.default\">\n\t\t\t\t<div class=\"elementor-widget-container\">\n\t\t\t\t\t<h2 class=\"elementor-heading-title elementor-size-default\">Kulak Hastal\u0131klar\u0131 Tedavisi<\/h2>\t\t\t\t<\/div>\n\t\t\t\t<\/div>\n\t\t\t\t<div class=\"elementor-element elementor-element-5aa1091 elementor-widget elementor-widget-text-editor\" data-id=\"5aa1091\" data-element_type=\"widget\" data-e-type=\"widget\" data-widget_type=\"text-editor.default\">\n\t\t\t\t<div class=\"elementor-widget-container\">\n\t\t\t\t\t\t\t\t\t<p>Meniere gibi rahats\u0131zl\u0131klar\u0131n tedavisinde hastal\u0131k olu\u015fum nedenine inilmelidir. Bu gibi durumlarda enfeksiyon veya alerji nedeni ortadan kald\u0131r\u0131lmal\u0131d\u0131r. Kulak t\u0131kan\u0131kl\u0131\u011f\u0131ndaysa muayene s\u0131ras\u0131nda yap\u0131lan k\u00fc\u00e7\u00fck bir m\u00fcdahaleyle biriken s\u0131v\u0131 temizlenir. Bu i\u015flemle hastan\u0131n \u015fikayetlerinde iyile\u015fmeler olu\u015fmaktad\u0131r. D\u0131\u015f ve orta kulak iltihab\u0131 gibi bakteriyel durumlardaysa antibiyotik tedavisi uygulan\u0131r ve a\u011fr\u0131 kesiciler ile semptomlar\u0131n hafifletilmesi sa\u011flan\u0131r.<\/p><p>Kulak \u00e7\u0131nlamas\u0131 tedavisinde kulak \u00e7\u0131nlamas\u0131na neden olan hastal\u0131\u011f\u0131n tedavi edilmesi gerekmektedir. Kulak \u00e7\u0131nlamas\u0131 ge\u00e7 kal\u0131nan m\u00fcdahalelerde kal\u0131c\u0131 olabilir. Bu durumlarda ki\u015filere s\u0131f\u0131r ses ortamda uyumamalar\u0131, \u00e7\u0131nlama \u00f6nleyici cihaz kullanmalar\u0131 veya gerekti\u011fi durumda psikolojik destek almalar\u0131 \u00f6nerilmektedir.<\/p><p>Vertigo ise genellikle ila\u00e7 tedavisiyle tedavi edilmektedir. Gerekli durumlarda uzman doktorlar taraf\u0131nda manevra yap\u0131larak kulak kristallerinin oturtulmas\u0131 sa\u011flan\u0131r. Vertigo hastalar\u0131n\u0131n ya\u015famlar\u0131 boyunca ani hareketlere kar\u015f\u0131 dikkat olmas\u0131 gerekmektedir.<\/p>\t\t\t\t\t\t\t\t<\/div>\n\t\t\t\t<\/div>\n\t\t\t\t\t<\/div>\n\t\t<\/div>\n\t\t\t\t\t<\/div>\n\t\t<\/section>\n\t\t\t\t<\/div>\n\t\t","protected":false},"excerpt":{"rendered":"<p>Kulak Hastal\u0131klar\u0131 D\u0131\u015f kulak, i\u00e7 kulak ve orta kulak olmak \u00fczere \u00fc\u00e7 k\u0131s\u0131mdan olu\u015fan kulak, sesleri i\u015fitmemizi sa\u011flayan bir duyu organ\u0131d\u0131r. Bu \u00fc\u00e7 yap\u0131dan herhangi birinde olu\u015fan bir rahats\u0131zl\u0131k ile \u00e7e\u015fitli semptomlar olu\u015fabilir ve bu semptomlar kimi zaman t\u00fcm v\u00fccudu tesir alt\u0131na alabilecek etkiye sahip olabilirler. Ba\u015flang\u0131\u00e7 \u015fekilleri ve ba\u015flad\u0131klar\u0131 yap\u0131lara g\u00f6re \u00e7e\u015fitli kulak hastal\u0131klar\u0131 [&hellip;]<\/p>\n","protected":false},"author":1,"featured_media":0,"parent":0,"menu_order":0,"comment_status":"closed","ping_status":"closed","template":"","meta":{"footnotes":""},"class_list":["post-2244","page","type-page","status-publish","hentry"],"_links":{"self":[{"href":"https:\/\/suleymankumbasar.com\/index.php?rest_route=\/wp\/v2\/pages\/2244","targetHints":{"allow":["GET"]}}],"collection":[{"href":"https:\/\/suleymankumbasar.com\/index.php?rest_route=\/wp\/v2\/pages"}],"about":[{"href":"https:\/\/suleymankumbasar.com\/index.php?rest_route=\/wp\/v2\/types\/page"}],"author":[{"embeddable":true,"href":"https:\/\/suleymankumbasar.com\/index.php?rest_route=\/wp\/v2\/users\/1"}],"replies":[{"embeddable":true,"href":"https:\/\/suleymankumbasar.com\/index.php?rest_route=%2Fwp%2Fv2%2Fcomments&post=2244"}],"version-history":[{"count":5,"href":"https:\/\/suleymankumbasar.com\/index.php?rest_route=\/wp\/v2\/pages\/2244\/revisions"}],"predecessor-version":[{"id":2618,"href":"https:\/\/suleymankumbasar.com\/index.php?rest_route=\/wp\/v2\/pages\/2244\/revisions\/2618"}],"wp:attachment":[{"href":"https:\/\/suleymankumbasar.com\/index.php?rest_route=%2Fwp%2Fv2%2Fmedia&parent=2244"}],"curies":[{"name":"wp","href":"https:\/\/api.w.org\/{rel}","templated":true}]}}