{"id":2232,"date":"2022-01-12T00:30:35","date_gmt":"2022-01-11T21:30:35","guid":{"rendered":"http:\/\/suleymankumbasar.com\/?page_id=2232"},"modified":"2022-01-13T21:06:22","modified_gmt":"2022-01-13T18:06:22","slug":"bas-donmesi-tedavisi","status":"publish","type":"page","link":"https:\/\/suleymankumbasar.com\/?page_id=2232","title":{"rendered":"BA\u015e D\u00d6NMES\u0130 TEDAV\u0130S\u0130"},"content":{"rendered":"\t\t<div data-elementor-type=\"wp-page\" data-elementor-id=\"2232\" class=\"elementor elementor-2232\">\n\t\t\t\t\t\t<section class=\"elementor-section elementor-top-section elementor-element elementor-element-13ed0a90 elementor-section-boxed elementor-section-height-default elementor-section-height-default\" data-id=\"13ed0a90\" data-element_type=\"section\" data-e-type=\"section\">\n\t\t\t\t\t\t<div class=\"elementor-container elementor-column-gap-default\">\n\t\t\t\t\t<div class=\"elementor-column elementor-col-100 elementor-top-column elementor-element elementor-element-5d58e90a ot-flex-column-vertical\" data-id=\"5d58e90a\" data-element_type=\"column\" data-e-type=\"column\">\n\t\t\t<div class=\"elementor-widget-wrap elementor-element-populated\">\n\t\t\t\t\t\t<div class=\"elementor-element elementor-element-65a348e4 elementor-widget elementor-widget-heading\" data-id=\"65a348e4\" data-element_type=\"widget\" data-e-type=\"widget\" data-widget_type=\"heading.default\">\n\t\t\t\t<div class=\"elementor-widget-container\">\n\t\t\t\t\t<h2 class=\"elementor-heading-title elementor-size-default\">Ba\u015f D\u00f6nmesi Tedavisi<\/h2>\t\t\t\t<\/div>\n\t\t\t\t<\/div>\n\t\t\t\t<div class=\"elementor-element elementor-element-28c18205 elementor-widget elementor-widget-text-editor\" data-id=\"28c18205\" data-element_type=\"widget\" data-e-type=\"widget\" data-widget_type=\"text-editor.default\">\n\t\t\t\t<div class=\"elementor-widget-container\">\n\t\t\t\t\t\t\t\t\t<p>G\u00f6r\u00fclme s\u0131kl\u0131\u011f\u0131 olduk\u00e7a y\u00fcksek olan vertigo halk aras\u0131nda ba\u015f d\u00f6nmesi ani bir hareket, ge\u00e7irilen bir kaza veya bir pozisyon de\u011fi\u015fikli\u011fine ba\u011fl\u0131 olarak a\u00e7\u0131\u011fa \u00e7\u0131kabilir. Ba\u015flang\u0131\u00e7ta ki\u015filer, ba\u015f d\u00f6nmesi problemlerini tan\u0131mlamakta zorlanabilirler. Ba\u015f d\u00f6nmeleri ba\u015flang\u0131\u00e7ta k\u0131sa s\u00fcreli olsa da git gide s\u00fcresi art\u0131p kimi durumlarda g\u00fcnlerce s\u00fcrebilmektedir. Bu ba\u015f d\u00f6nmesine mide bulant\u0131s\u0131, kusma ve g\u00f6z hareketlerindeki anormallikler eklenebilir. Ba\u015f d\u00f6nmesinin ge\u00e7mesi ve azalmas\u0131yla d\u00f6nme yerini ba\u015f a\u011fr\u0131s\u0131na b\u0131rakabilir.<\/p>\t\t\t\t\t\t\t\t<\/div>\n\t\t\t\t<\/div>\n\t\t\t\t\t<\/div>\n\t\t<\/div>\n\t\t\t\t\t<\/div>\n\t\t<\/section>\n\t\t\t\t<section class=\"elementor-section elementor-top-section elementor-element elementor-element-40939c0 elementor-section-boxed elementor-section-height-default elementor-section-height-default\" data-id=\"40939c0\" data-element_type=\"section\" data-e-type=\"section\">\n\t\t\t\t\t\t<div class=\"elementor-container elementor-column-gap-default\">\n\t\t\t\t\t<div class=\"elementor-column elementor-col-100 elementor-top-column elementor-element elementor-element-74b49a0 ot-flex-column-vertical\" data-id=\"74b49a0\" data-element_type=\"column\" data-e-type=\"column\">\n\t\t\t<div class=\"elementor-widget-wrap elementor-element-populated\">\n\t\t\t\t\t\t<div class=\"elementor-element elementor-element-8875b77 elementor-widget elementor-widget-heading\" data-id=\"8875b77\" data-element_type=\"widget\" data-e-type=\"widget\" data-widget_type=\"heading.default\">\n\t\t\t\t<div class=\"elementor-widget-container\">\n\t\t\t\t\t<h2 class=\"elementor-heading-title elementor-size-default\">Vertigonun Nedenleri <\/h2>\t\t\t\t<\/div>\n\t\t\t\t<\/div>\n\t\t\t\t<div class=\"elementor-element elementor-element-7cde9b0 elementor-widget elementor-widget-text-editor\" data-id=\"7cde9b0\" data-element_type=\"widget\" data-e-type=\"widget\" data-widget_type=\"text-editor.default\">\n\t\t\t\t<div class=\"elementor-widget-container\">\n\t\t\t\t\t\t\t\t\t<p>Bahsedildi\u011fi \u00fczere vertigonun ana olu\u015fum nedeni alt\u0131nda ba\u015f ve boyun b\u00f6lgesinin maruz kald\u0131\u011f\u0131 ani hareketler yer almaktad\u0131r. Bununla birlikte farkl\u0131 etkenlerden kaynakl\u0131 olarak da ba\u015f d\u00f6nmesi g\u00f6r\u00fclebilir. S\u0131kl\u0131kla g\u00f6r\u00fclen vertigo nedenleri aras\u0131nda ilk \u00f6nce i\u00e7 kulak problemleri yer almaktad\u0131r. \u0130\u00e7 kula\u011fa ba\u011fl\u0131 olu\u015fan vertigolarperiferik olarak adland\u0131r\u0131lmaktad\u0131r. \u0130\u00e7 kulakta denge merkezinde yer alan ve kristal olarak adland\u0131r\u0131lan yap\u0131daki dengesizlere ba\u011fl\u0131 olu\u015fur. Periferikvertigoda ataklar \u015fiddetlidir ancak tedavi ile k\u0131sa bir s\u00fcre i\u00e7erisinde tedavi edilebilir.<\/p><p>\u00a0Bir di\u011fer olu\u015fum noktas\u0131 ise beyin problemleridir. Beyin kaynakl\u0131 vertigo, santral vertigo olarak adland\u0131r\u0131l\u0131rken, bu durum denge siniri ve beyinin alt b\u00f6l\u00fcm\u00fcnde yer alan \u00e7ekirde\u011fi aras\u0131nda olu\u015fan ba\u011flant\u0131 problemlerinden kaynaklanmaktad\u0131r. Bu t\u00fcr vertigoda ba\u015f d\u00f6nmesi daha az \u015fiddetli olur ancak iyile\u015fme s\u00fcresi uzun s\u00fcrmektedir.<\/p><p>Son sebep ise beynin alt b\u00f6l\u00fcm\u00fcnde geli\u015fen k\u00f6\u015fe t\u00fcm\u00f6r\u00fc olarak adland\u0131r\u0131lan t\u00fcm\u00f6rler olabilir. T\u00fcm\u00f6rler tedavi edilmedi\u011fi m\u00fcddet\u00e7e denge problemlerine, kulak \u00e7\u0131nlamas\u0131na veya i\u015fitme kayb\u0131na neden olabilirler. Son olarak n\u00f6ropati gibi denge sinirini etkileyen veya baz\u0131 epilepsi t\u00fcrleri de vertigoya neden olabilir.<\/p>\t\t\t\t\t\t\t\t<\/div>\n\t\t\t\t<\/div>\n\t\t\t\t\t<\/div>\n\t\t<\/div>\n\t\t\t\t\t<\/div>\n\t\t<\/section>\n\t\t\t\t<section class=\"elementor-section elementor-top-section elementor-element elementor-element-31d0f3e elementor-section-boxed elementor-section-height-default elementor-section-height-default\" data-id=\"31d0f3e\" data-element_type=\"section\" data-e-type=\"section\">\n\t\t\t\t\t\t<div class=\"elementor-container elementor-column-gap-default\">\n\t\t\t\t\t<div class=\"elementor-column elementor-col-100 elementor-top-column elementor-element elementor-element-0241e51 ot-flex-column-vertical\" data-id=\"0241e51\" data-element_type=\"column\" data-e-type=\"column\">\n\t\t\t<div class=\"elementor-widget-wrap elementor-element-populated\">\n\t\t\t\t\t\t<div class=\"elementor-element elementor-element-0087266 elementor-widget elementor-widget-heading\" data-id=\"0087266\" data-element_type=\"widget\" data-e-type=\"widget\" data-widget_type=\"heading.default\">\n\t\t\t\t<div class=\"elementor-widget-container\">\n\t\t\t\t\t<h2 class=\"elementor-heading-title elementor-size-default\">Vertigo Tedavisi<\/h2>\t\t\t\t<\/div>\n\t\t\t\t<\/div>\n\t\t\t\t<div class=\"elementor-element elementor-element-cde4339 elementor-widget elementor-widget-text-editor\" data-id=\"cde4339\" data-element_type=\"widget\" data-e-type=\"widget\" data-widget_type=\"text-editor.default\">\n\t\t\t\t<div class=\"elementor-widget-container\">\n\t\t\t\t\t\t\t\t\t<p>Vertigo tedavisinde ilk at\u0131lan ad\u0131m, bu semptomun hangi sebepten kaynakl\u0131 olarak a\u00e7\u0131\u011fa \u00e7\u0131kt\u0131\u011f\u0131n\u0131 tespit etmektir. Ba\u015flang\u0131\u00e7ta yakalanan her iki durumda da ki\u015filere ila\u00e7 tedavisi uygulan\u0131r. Beyin kaynakl\u0131 ve beyinin alt b\u00f6l\u00fcm\u00fcnde olu\u015fan kanlanma ba\u011flant\u0131l\u0131 ise ki\u015filer kan suland\u0131r\u0131c\u0131 ila\u00e7lar verilir. \u0130leri derecede damar t\u0131kan\u0131kl\u0131\u011f\u0131 olan durumlarda ise cerrahi m\u00fcdahaleler yap\u0131lmas\u0131 \u00fczerine hastalar beyin cerrahine sevk edilir.\u00a0 T\u00fcm\u00f6r kaynakl\u0131 bir vertigo olu\u015fum halinde yine cerrahi m\u00fcdahalelere ba\u015fvurulur. Epilepsi hastalar\u0131nda g\u00f6r\u00fclen vertigo i\u00e7inse uygun epilepsi ila\u00e7lar\u0131 re\u00e7ete edilir.<\/p><p>\u00d6zellikle i\u00e7 kulak problemlerinden kaynakl\u0131 olu\u015fan vertigoda ki\u015filer ya\u015fam boyu, ani hareketlere kar\u015f\u0131 kendilerini korumal\u0131. Gerekti\u011fi durumlarda doktorunun \u00f6nerisi do\u011frultusunda ila\u00e7 tedavisine ataklardan \u00f6nce ba\u015flamal\u0131d\u0131r.<\/p>\t\t\t\t\t\t\t\t<\/div>\n\t\t\t\t<\/div>\n\t\t\t\t\t<\/div>\n\t\t<\/div>\n\t\t\t\t\t<\/div>\n\t\t<\/section>\n\t\t\t\t<\/div>\n\t\t","protected":false},"excerpt":{"rendered":"<p>Ba\u015f D\u00f6nmesi Tedavisi G\u00f6r\u00fclme s\u0131kl\u0131\u011f\u0131 olduk\u00e7a y\u00fcksek olan vertigo halk aras\u0131nda ba\u015f d\u00f6nmesi ani bir hareket, ge\u00e7irilen bir kaza veya bir pozisyon de\u011fi\u015fikli\u011fine ba\u011fl\u0131 olarak a\u00e7\u0131\u011fa \u00e7\u0131kabilir. Ba\u015flang\u0131\u00e7ta ki\u015filer, ba\u015f d\u00f6nmesi problemlerini tan\u0131mlamakta zorlanabilirler. Ba\u015f d\u00f6nmeleri ba\u015flang\u0131\u00e7ta k\u0131sa s\u00fcreli olsa da git gide s\u00fcresi art\u0131p kimi durumlarda g\u00fcnlerce s\u00fcrebilmektedir. Bu ba\u015f d\u00f6nmesine mide bulant\u0131s\u0131, kusma [&hellip;]<\/p>\n","protected":false},"author":1,"featured_media":0,"parent":0,"menu_order":0,"comment_status":"closed","ping_status":"closed","template":"","meta":{"footnotes":""},"class_list":["post-2232","page","type-page","status-publish","hentry"],"_links":{"self":[{"href":"https:\/\/suleymankumbasar.com\/index.php?rest_route=\/wp\/v2\/pages\/2232","targetHints":{"allow":["GET"]}}],"collection":[{"href":"https:\/\/suleymankumbasar.com\/index.php?rest_route=\/wp\/v2\/pages"}],"about":[{"href":"https:\/\/suleymankumbasar.com\/index.php?rest_route=\/wp\/v2\/types\/page"}],"author":[{"embeddable":true,"href":"https:\/\/suleymankumbasar.com\/index.php?rest_route=\/wp\/v2\/users\/1"}],"replies":[{"embeddable":true,"href":"https:\/\/suleymankumbasar.com\/index.php?rest_route=%2Fwp%2Fv2%2Fcomments&post=2232"}],"version-history":[{"count":5,"href":"https:\/\/suleymankumbasar.com\/index.php?rest_route=\/wp\/v2\/pages\/2232\/revisions"}],"predecessor-version":[{"id":2616,"href":"https:\/\/suleymankumbasar.com\/index.php?rest_route=\/wp\/v2\/pages\/2232\/revisions\/2616"}],"wp:attachment":[{"href":"https:\/\/suleymankumbasar.com\/index.php?rest_route=%2Fwp%2Fv2%2Fmedia&parent=2232"}],"curies":[{"name":"wp","href":"https:\/\/api.w.org\/{rel}","templated":true}]}}