{"id":2226,"date":"2022-01-12T00:29:20","date_gmt":"2022-01-11T21:29:20","guid":{"rendered":"http:\/\/suleymankumbasar.com\/?page_id=2226"},"modified":"2022-01-13T21:06:18","modified_gmt":"2022-01-13T18:06:18","slug":"cinlama-tedavisi","status":"publish","type":"page","link":"https:\/\/suleymankumbasar.com\/?page_id=2226","title":{"rendered":"\u00c7INLAMA TEDAV\u0130S\u0130"},"content":{"rendered":"\t\t<div data-elementor-type=\"wp-page\" data-elementor-id=\"2226\" class=\"elementor elementor-2226\">\n\t\t\t\t\t\t<section class=\"elementor-section elementor-top-section elementor-element elementor-element-54b5c272 elementor-section-boxed elementor-section-height-default elementor-section-height-default\" data-id=\"54b5c272\" data-element_type=\"section\" data-e-type=\"section\">\n\t\t\t\t\t\t<div class=\"elementor-container elementor-column-gap-default\">\n\t\t\t\t\t<div class=\"elementor-column elementor-col-100 elementor-top-column elementor-element elementor-element-21f0987 ot-flex-column-vertical\" data-id=\"21f0987\" data-element_type=\"column\" data-e-type=\"column\">\n\t\t\t<div class=\"elementor-widget-wrap elementor-element-populated\">\n\t\t\t\t\t\t<div class=\"elementor-element elementor-element-21a1e7ef elementor-widget elementor-widget-heading\" data-id=\"21a1e7ef\" data-element_type=\"widget\" data-e-type=\"widget\" data-widget_type=\"heading.default\">\n\t\t\t\t<div class=\"elementor-widget-container\">\n\t\t\t\t\t<h2 class=\"elementor-heading-title elementor-size-default\">\u00c7\u0131nlama Tedavisi<\/h2>\t\t\t\t<\/div>\n\t\t\t\t<\/div>\n\t\t\t\t<div class=\"elementor-element elementor-element-3b1f80bc elementor-widget elementor-widget-text-editor\" data-id=\"3b1f80bc\" data-element_type=\"widget\" data-e-type=\"widget\" data-widget_type=\"text-editor.default\">\n\t\t\t\t<div class=\"elementor-widget-container\">\n\t\t\t\t\t\t\t\t\t<p>Kulak \u00e7\u0131nlamas\u0131 masum g\u00f6r\u00fcnen durumlardan biri olsa da baz\u0131 rahats\u0131zl\u0131klar\u0131n ilk semptomlar\u0131 aras\u0131nda yer almaktad\u0131r. Her \u00e7\u0131nlama durumu bir hastal\u0131k ba\u015flang\u0131c\u0131 olmayabilir \u00f6yle ki sessiz bir ortamda gen\u00e7lerin bir\u00e7o\u011funda kulak \u00e7\u0131nlamas\u0131 g\u00f6r\u00fcl\u00fcr bir durumdur. Ancak di\u011fer ko\u015fullarda \u00e7\u0131nlama, i\u00e7 kulakta yer alan t\u00fcyl\u00fc h\u00fccrelerden veya i\u015fitme sinirindeki baz\u0131 rahats\u0131zl\u0131klardan kaynaklanabilmektedir. Baz\u0131 durumlarda psikolojik<\/p>\t\t\t\t\t\t\t\t<\/div>\n\t\t\t\t<\/div>\n\t\t\t\t\t<\/div>\n\t\t<\/div>\n\t\t\t\t\t<\/div>\n\t\t<\/section>\n\t\t\t\t<section class=\"elementor-section elementor-top-section elementor-element elementor-element-28445c8 elementor-section-boxed elementor-section-height-default elementor-section-height-default\" data-id=\"28445c8\" data-element_type=\"section\" data-e-type=\"section\">\n\t\t\t\t\t\t<div class=\"elementor-container elementor-column-gap-default\">\n\t\t\t\t\t<div class=\"elementor-column elementor-col-100 elementor-top-column elementor-element elementor-element-7644510 ot-flex-column-vertical\" data-id=\"7644510\" data-element_type=\"column\" data-e-type=\"column\">\n\t\t\t<div class=\"elementor-widget-wrap elementor-element-populated\">\n\t\t\t\t\t\t<div class=\"elementor-element elementor-element-8f320ba elementor-widget elementor-widget-heading\" data-id=\"8f320ba\" data-element_type=\"widget\" data-e-type=\"widget\" data-widget_type=\"heading.default\">\n\t\t\t\t<div class=\"elementor-widget-container\">\n\t\t\t\t\t<h2 class=\"elementor-heading-title elementor-size-default\">Kulak \u00c7\u0131nlamas\u0131 Nedenleri<\/h2>\t\t\t\t<\/div>\n\t\t\t\t<\/div>\n\t\t\t\t<div class=\"elementor-element elementor-element-a28272b elementor-widget elementor-widget-text-editor\" data-id=\"a28272b\" data-element_type=\"widget\" data-e-type=\"widget\" data-widget_type=\"text-editor.default\">\n\t\t\t\t<div class=\"elementor-widget-container\">\n\t\t\t\t\t\t\t\t\t<p>Kulak \u00e7\u0131nlamas\u0131 \u00f6ncelikle bir hastal\u0131k olarak d\u00fc\u015f\u00fcn\u00fclmemelidir. Kulak \u00e7\u0131nlamas\u0131, \u00e7e\u015fitli hastal\u0131klar\u0131n belirtilerinden biridir. Bu hastal\u0131klar aras\u0131nda d\u0131\u015f kulak yolu ve orta kulak iltihab\u0131,otoskleroz ve Meniere hastal\u0131\u011f\u0131 gibi baz\u0131 i\u00e7 kulak hastal\u0131klar\u0131,y\u00fcksek tansiyon, damar sertli\u011fi, omurilik hastal\u0131klar\u0131, beyin sap\u0131 t\u00fcm\u00f6rleri, metabolik hastal\u0131klar, b\u00f6brek hastal\u0131klar\u0131 gibi hastal\u0131klar yer alabilmektedir. Bunlar d\u0131\u015f\u0131nda kulak yolunu t\u0131kayacak kir, ya\u015flanma kaynakl\u0131 i\u015fitme kay\u0131plar\u0131, kula\u011fa zararl\u0131 baz\u0131 ila\u00e7larkula\u011f\u0131n y\u00fcksek sese maruz kalmas\u0131na ba\u011fl\u0131 olu\u015fan travmalar da \u00e7\u0131nlamaya neden olabilir.<\/p>\t\t\t\t\t\t\t\t<\/div>\n\t\t\t\t<\/div>\n\t\t\t\t\t<\/div>\n\t\t<\/div>\n\t\t\t\t\t<\/div>\n\t\t<\/section>\n\t\t\t\t<section class=\"elementor-section elementor-top-section elementor-element elementor-element-21db501 elementor-section-boxed elementor-section-height-default elementor-section-height-default\" data-id=\"21db501\" data-element_type=\"section\" data-e-type=\"section\">\n\t\t\t\t\t\t<div class=\"elementor-container elementor-column-gap-default\">\n\t\t\t\t\t<div class=\"elementor-column elementor-col-100 elementor-top-column elementor-element elementor-element-b5ac3a3 ot-flex-column-vertical\" data-id=\"b5ac3a3\" data-element_type=\"column\" data-e-type=\"column\">\n\t\t\t<div class=\"elementor-widget-wrap elementor-element-populated\">\n\t\t\t\t\t\t<div class=\"elementor-element elementor-element-bf97e05 elementor-widget elementor-widget-heading\" data-id=\"bf97e05\" data-element_type=\"widget\" data-e-type=\"widget\" data-widget_type=\"heading.default\">\n\t\t\t\t<div class=\"elementor-widget-container\">\n\t\t\t\t\t<h2 class=\"elementor-heading-title elementor-size-default\">Kulak \u00c7\u0131nlamas\u0131 Tedavisi<\/h2>\t\t\t\t<\/div>\n\t\t\t\t<\/div>\n\t\t\t\t<div class=\"elementor-element elementor-element-f2b7aff elementor-widget elementor-widget-text-editor\" data-id=\"f2b7aff\" data-element_type=\"widget\" data-e-type=\"widget\" data-widget_type=\"text-editor.default\">\n\t\t\t\t<div class=\"elementor-widget-container\">\n\t\t\t\t\t\t\t\t\t<p>Kulak \u00e7\u0131nlamas\u0131 ilk duyuldu\u011funda panik yap\u0131lmamal\u0131d\u0131r. \u00d6zellikle g\u00fcr\u00fclt\u00fcl\u00fc bir yerden \u00e7\u0131kt\u0131ktan sonra \u00e7\u0131nlaman\u0131n ge\u00e7memesi g\u00f6r\u00fclebilmektedir. Bu durum ard\u0131ndan sessiz bir ortamda birka\u00e7 saat uyunmas\u0131 ve kula\u011f\u0131n dinlendirilmesi gerekmektedir. Ge\u00e7medi\u011fi takdirde veya ilk \u00e7\u0131nlama ile birlikte duyma kayb\u0131 olu\u015ftu\u011funda vakit kaybedilmeden bir KBB doktoruna ba\u015fvurulmal\u0131d\u0131r. Erken tan\u0131 ve tedaviyle kulak \u00e7\u0131nlama problemleri %70 oran\u0131nda ortadan kald\u0131r\u0131lmaktad\u0131r.<\/p><p>\u00c7\u0131nlama problemleri, problemin alt\u0131nda yatan ana nedeninin tedavi edilmesiyle ge\u00e7mektedir. Ana hastal\u0131\u011f\u0131n erken te\u015fhisi \u00e7\u0131nlama problemini tamamen ortadan kald\u0131rmaya yard\u0131mc\u0131d\u0131r fakat her durumda \u00e7\u0131nlama tedavi edilse dahi tam olarak ge\u00e7meyebilir. Bu gibi durumlarda g\u00fcnl\u00fck hayata hastalar\u0131n \u00e7\u0131nlama rahats\u0131zl\u0131klar\u0131n\u0131 giderecek \u00e7e\u015fitli davran\u0131\u015flar eklenebilir. \u00d6ncelikle \u00e7\u0131nlama problemi olan ki\u015filerin gece sessiz bir ortamda uyumas\u0131 m\u00fcmk\u00fcn olmayabilir. Bu durumlarda k\u0131s\u0131k sesle a\u00e7\u0131lan bir m\u00fczik direkt olarak \u00e7\u0131nlamay\u0131 duyman\u0131n \u00f6n\u00fcne ge\u00e7ilebilir. \u00c7\u0131nlama etkisizle\u015ftirme terapisi al\u0131nabilir. Terapi sayesinde \u00e7\u0131nlama durumunun endi\u015felenecek bir durum olmad\u0131\u011f\u0131 ki\u015fiye aktar\u0131l\u0131r. Bu sayede \u00e7\u0131nlama sesi ki\u015fiyi daha az etkileyebilir. \u00c7\u0131nlama maskeleyici cihazlar kullanmak ise yine \u00f6nerilen di\u011fer y\u00f6ntemler aras\u0131nda yer almaktad\u0131r.<\/p><p>Kulak \u00e7\u0131nlamas\u0131n\u0131n ge\u00e7memesi kimi zaman ki\u015filerde psikolojik rahats\u0131zl\u0131klara sebebiyet verebilir. Bunlar aras\u0131nda depresyon, anksiyete, dikkat bozuklu\u011fu, uyku problemleri ve hatta intihar yer almaktad\u0131r. Bu gibi ki\u015filerin psikolojik bir destek almas\u0131 b\u00fcy\u00fck \u00f6nem ta\u015f\u0131maktad\u0131r.<\/p>\t\t\t\t\t\t\t\t<\/div>\n\t\t\t\t<\/div>\n\t\t\t\t\t<\/div>\n\t\t<\/div>\n\t\t\t\t\t<\/div>\n\t\t<\/section>\n\t\t\t\t<\/div>\n\t\t","protected":false},"excerpt":{"rendered":"<p>\u00c7\u0131nlama Tedavisi Kulak \u00e7\u0131nlamas\u0131 masum g\u00f6r\u00fcnen durumlardan biri olsa da baz\u0131 rahats\u0131zl\u0131klar\u0131n ilk semptomlar\u0131 aras\u0131nda yer almaktad\u0131r. Her \u00e7\u0131nlama durumu bir hastal\u0131k ba\u015flang\u0131c\u0131 olmayabilir \u00f6yle ki sessiz bir ortamda gen\u00e7lerin bir\u00e7o\u011funda kulak \u00e7\u0131nlamas\u0131 g\u00f6r\u00fcl\u00fcr bir durumdur. Ancak di\u011fer ko\u015fullarda \u00e7\u0131nlama, i\u00e7 kulakta yer alan t\u00fcyl\u00fc h\u00fccrelerden veya i\u015fitme sinirindeki baz\u0131 rahats\u0131zl\u0131klardan kaynaklanabilmektedir. Baz\u0131 durumlarda psikolojik [&hellip;]<\/p>\n","protected":false},"author":1,"featured_media":0,"parent":0,"menu_order":0,"comment_status":"closed","ping_status":"closed","template":"","meta":{"footnotes":""},"class_list":["post-2226","page","type-page","status-publish","hentry"],"_links":{"self":[{"href":"https:\/\/suleymankumbasar.com\/index.php?rest_route=\/wp\/v2\/pages\/2226","targetHints":{"allow":["GET"]}}],"collection":[{"href":"https:\/\/suleymankumbasar.com\/index.php?rest_route=\/wp\/v2\/pages"}],"about":[{"href":"https:\/\/suleymankumbasar.com\/index.php?rest_route=\/wp\/v2\/types\/page"}],"author":[{"embeddable":true,"href":"https:\/\/suleymankumbasar.com\/index.php?rest_route=\/wp\/v2\/users\/1"}],"replies":[{"embeddable":true,"href":"https:\/\/suleymankumbasar.com\/index.php?rest_route=%2Fwp%2Fv2%2Fcomments&post=2226"}],"version-history":[{"count":5,"href":"https:\/\/suleymankumbasar.com\/index.php?rest_route=\/wp\/v2\/pages\/2226\/revisions"}],"predecessor-version":[{"id":2615,"href":"https:\/\/suleymankumbasar.com\/index.php?rest_route=\/wp\/v2\/pages\/2226\/revisions\/2615"}],"wp:attachment":[{"href":"https:\/\/suleymankumbasar.com\/index.php?rest_route=%2Fwp%2Fv2%2Fmedia&parent=2226"}],"curies":[{"name":"wp","href":"https:\/\/api.w.org\/{rel}","templated":true}]}}