{"id":2211,"date":"2022-01-12T00:26:09","date_gmt":"2022-01-11T21:26:09","guid":{"rendered":"http:\/\/suleymankumbasar.com\/?page_id=2211"},"modified":"2022-01-13T21:06:09","modified_gmt":"2022-01-13T18:06:09","slug":"ses-hastaliklari","status":"publish","type":"page","link":"https:\/\/suleymankumbasar.com\/?page_id=2211","title":{"rendered":"SES HASTALIKLARI"},"content":{"rendered":"\t\t<div data-elementor-type=\"wp-page\" data-elementor-id=\"2211\" class=\"elementor elementor-2211\">\n\t\t\t\t\t\t<section class=\"elementor-section elementor-top-section elementor-element elementor-element-15f56b64 elementor-section-boxed elementor-section-height-default elementor-section-height-default\" data-id=\"15f56b64\" data-element_type=\"section\" data-e-type=\"section\">\n\t\t\t\t\t\t<div class=\"elementor-container elementor-column-gap-default\">\n\t\t\t\t\t<div class=\"elementor-column elementor-col-100 elementor-top-column elementor-element elementor-element-3e99a92 ot-flex-column-vertical\" data-id=\"3e99a92\" data-element_type=\"column\" data-e-type=\"column\">\n\t\t\t<div class=\"elementor-widget-wrap elementor-element-populated\">\n\t\t\t\t\t\t<div class=\"elementor-element elementor-element-1db33592 elementor-widget elementor-widget-heading\" data-id=\"1db33592\" data-element_type=\"widget\" data-e-type=\"widget\" data-widget_type=\"heading.default\">\n\t\t\t\t<div class=\"elementor-widget-container\">\n\t\t\t\t\t<h2 class=\"elementor-heading-title elementor-size-default\">Ses Hastal\u0131klar\u0131<\/h2>\t\t\t\t<\/div>\n\t\t\t\t<\/div>\n\t\t\t\t<div class=\"elementor-element elementor-element-73bbe15d elementor-widget elementor-widget-text-editor\" data-id=\"73bbe15d\" data-element_type=\"widget\" data-e-type=\"widget\" data-widget_type=\"text-editor.default\">\n\t\t\t\t<div class=\"elementor-widget-container\">\n\t\t\t\t\t\t\t\t\t<p>Konu\u015farak kendimizi ifade etmemizin temelini sesimiz olu\u015fturur. Bo\u011faz k\u0131sm\u0131nda yer alan ses tellerinin titre\u015fimine ba\u011fl\u0131 olarak a\u00e7\u0131\u011fa \u00e7\u0131kan ses bir ki\u015finin kendini ifade etmesini ve konu\u015fmas\u0131n\u0131 sa\u011flar. Ses, \u00fcst solunum yollar\u0131na ba\u011fl\u0131 olarak olu\u015fan komplikasyonlar, ses tellerinin zedelenmesi ve daha pek \u00e7ok sebepten kaynakl\u0131 zarar g\u00f6rebilir. Bu zararlar ge\u00e7ici veya kal\u0131c\u0131 olmas\u0131n\u0131n yan\u0131 s\u0131ra ses k\u0131s\u0131lmas\u0131, daha ciddi problemlerin bir semptomu olarak da ortaya \u00e7\u0131kabilmektedir.<\/p>\t\t\t\t\t\t\t\t<\/div>\n\t\t\t\t<\/div>\n\t\t\t\t\t<\/div>\n\t\t<\/div>\n\t\t\t\t\t<\/div>\n\t\t<\/section>\n\t\t\t\t<section class=\"elementor-section elementor-top-section elementor-element elementor-element-6646d69 elementor-section-boxed elementor-section-height-default elementor-section-height-default\" data-id=\"6646d69\" data-element_type=\"section\" data-e-type=\"section\">\n\t\t\t\t\t\t<div class=\"elementor-container elementor-column-gap-default\">\n\t\t\t\t\t<div class=\"elementor-column elementor-col-100 elementor-top-column elementor-element elementor-element-e4dbe02 ot-flex-column-vertical\" data-id=\"e4dbe02\" data-element_type=\"column\" data-e-type=\"column\">\n\t\t\t<div class=\"elementor-widget-wrap elementor-element-populated\">\n\t\t\t\t\t\t<div class=\"elementor-element elementor-element-aae4bc5 elementor-widget elementor-widget-heading\" data-id=\"aae4bc5\" data-element_type=\"widget\" data-e-type=\"widget\" data-widget_type=\"heading.default\">\n\t\t\t\t<div class=\"elementor-widget-container\">\n\t\t\t\t\t<h2 class=\"elementor-heading-title elementor-size-default\">Ses Hastal\u0131klar\u0131n\u0131n Nedenleri Ve Belirtileri<\/h2>\t\t\t\t<\/div>\n\t\t\t\t<\/div>\n\t\t\t\t<div class=\"elementor-element elementor-element-bdd4e3e elementor-widget elementor-widget-text-editor\" data-id=\"bdd4e3e\" data-element_type=\"widget\" data-e-type=\"widget\" data-widget_type=\"text-editor.default\">\n\t\t\t\t<div class=\"elementor-widget-container\">\n\t\t\t\t\t\t\t\t\t<p>Ses hastal\u0131klar\u0131 \u00e7e\u015fitli ba\u015fl\u0131klara ayr\u0131lmaktad\u0131r. Bu ba\u015fl\u0131klar alt\u0131nda ses tellerinde enfeksiyon, nod\u00fcl, polip, kistler, reinke \u00f6demi isimleri yer almaktad\u0131r. Ses telinde kanserle\u015fme ve ses teli felci gibi ciddi rahats\u0131zl\u0131klar da ses hastal\u0131klar\u0131 aras\u0131nda yer almaktad\u0131r.<\/p><p>Ses tellerinde nod\u00fcl olu\u015fumu; ses tellerinin \u00e7ok kullan\u0131ld\u0131\u011f\u0131 durumlarda a\u00e7\u0131\u011fa \u00e7\u0131kar. \u00c7ok konu\u015fan ki\u015filer, \u00f6\u011fretmenler veya \u015fark\u0131c\u0131larda ses tellerinin kal\u0131nla\u015fmas\u0131na ba\u011fl\u0131 geli\u015fir ve s\u0131kl\u0131kla g\u00f6r\u00fclen bir durumdur. Polip, ses tellerinde olu\u015fan \u015fi\u015flik veya kitle olu\u015fumudur. Bu durum genellikle ses tellerinde olu\u015fan i\u00e7 kanamadan ger\u00e7ekle\u015fir.<\/p><p class=\"MsoNormal\">\u0130ki haftadan fazla \u015fekilde s\u00fcren ve ge\u00e7meyen ses k\u0131s\u0131lmalar\u0131, boyun b\u00f6lgesinde \u015fi\u015flikler, bo\u011fazda bir kitle hissi, kulakta olu\u015fan a\u011fr\u0131lar, yutma zorlu\u011fu ve nefes darl\u0131\u011f\u0131 gibi semptomlar olu\u015fabilir. Bu t\u00fcr belirtileri olan ki\u015filer tan\u0131 ve tedaviyi aksatmamal\u0131 ve doktora ba\u015fvurmal\u0131d\u0131r. Ses teli kistiyse ses tellerini nemlendiren dokulardaki t\u0131kan\u0131kl\u0131klara ba\u011fl\u0131 olarak olu\u015fan i\u00e7i s\u0131v\u0131 dolu olan kistlerdir. Genellikle ses k\u0131s\u0131lmas\u0131na sebebiyet vererek a\u00e7\u0131\u011fa \u00e7\u0131kar. Sigara kullan\u0131m\u0131na ba\u011fl\u0131 olarak \u00e7\u0131kan ise 2 ana hastal\u0131k bulunmaktad\u0131r. Bunlardan ilki Reinke \u00f6demidir. Sigara nedeniyle ses telleri i\u00e7erisinde jelatin k\u0131vam\u0131nda bir s\u0131v\u0131 birikmektedir bu s\u0131v\u0131ya ba\u011fl\u0131 olaraksa seste ciddi de\u011fi\u015fimler meydana \u00e7\u0131kar. Bu hastal\u0131klar aras\u0131ndaki en ciddi ba\u015fl\u0131\u011fa gelmek gerekirse ses tellerinde kanserle\u015fme olmaktad\u0131r. Sigara kullan\u0131m\u0131, genetik fakt\u00f6rler, beslenme \u015fekli, maruz kal\u0131nan kimyasallar ve daha pek \u00e7ok d\u0131\u015f etken kanser olu\u015fumunu tetikleyebilmektedir.\u00a0<\/p>\t\t\t\t\t\t\t\t<\/div>\n\t\t\t\t<\/div>\n\t\t\t\t\t<\/div>\n\t\t<\/div>\n\t\t\t\t\t<\/div>\n\t\t<\/section>\n\t\t\t\t<section class=\"elementor-section elementor-top-section elementor-element elementor-element-e430485 elementor-section-boxed elementor-section-height-default elementor-section-height-default\" data-id=\"e430485\" data-element_type=\"section\" data-e-type=\"section\">\n\t\t\t\t\t\t<div class=\"elementor-container elementor-column-gap-default\">\n\t\t\t\t\t<div class=\"elementor-column elementor-col-100 elementor-top-column elementor-element elementor-element-b89e6a5 ot-flex-column-vertical\" data-id=\"b89e6a5\" data-element_type=\"column\" data-e-type=\"column\">\n\t\t\t<div class=\"elementor-widget-wrap elementor-element-populated\">\n\t\t\t\t\t\t<div class=\"elementor-element elementor-element-5f91000 elementor-widget elementor-widget-heading\" data-id=\"5f91000\" data-element_type=\"widget\" data-e-type=\"widget\" data-widget_type=\"heading.default\">\n\t\t\t\t<div class=\"elementor-widget-container\">\n\t\t\t\t\t<h2 class=\"elementor-heading-title elementor-size-default\">Ses Hastal\u0131klar\u0131n\u0131n Tedavisi<\/h2>\t\t\t\t<\/div>\n\t\t\t\t<\/div>\n\t\t\t\t<div class=\"elementor-element elementor-element-b4f566a elementor-widget elementor-widget-text-editor\" data-id=\"b4f566a\" data-element_type=\"widget\" data-e-type=\"widget\" data-widget_type=\"text-editor.default\">\n\t\t\t\t<div class=\"elementor-widget-container\">\n\t\t\t\t\t\t\t\t\t<p>Olu\u015fan semptomlar\u0131n incelenmesi ve gerekli muayenehaneler ard\u0131ndan te\u015fhis konulmas\u0131yla birlikte tedavi y\u00f6ntemleri belirlenir. Her bir ses hastal\u0131k nedeninin farkl\u0131 bir tedavi y\u00f6ntemi bulunmaktad\u0131r. Ses teli nod\u00fcl\u00fc olan ki\u015filerin sesini kullanmamas\u0131 ve gerekirse bir ses terapisine gitmesi gerekir. Nod\u00fcl iyile\u015fmesi uzun s\u00fcren bir rahats\u0131zl\u0131kt\u0131r. Nod\u00fcllerin b\u00fcy\u00fck ve sert olmas\u0131 ile cerrahi m\u00fcdahalelere ba\u015fvurulur. Bu m\u00fcdahalede ameliyat mikroskobu kullan\u0131larak ses tellerinde herhangi bir tahribat yaratmadan nod\u00fcller al\u0131n\u0131r.<\/p><p>Ayn\u0131 \u015fekilde polip, kistler ve Reinke \u00f6demi tedavisinde de ameliyat mikroskobu ile \u015fi\u015f veya \u00f6demli b\u00f6lge al\u0131narak uzakla\u015ft\u0131r\u0131l\u0131r. Kanser olu\u015fum durumlar\u0131nda hastal\u0131\u011f\u0131n ilerleme durumuna g\u00f6re kemoterapi veya radyoterapiye ba\u015flanma durumu olas\u0131d\u0131r.<\/p>\t\t\t\t\t\t\t\t<\/div>\n\t\t\t\t<\/div>\n\t\t\t\t\t<\/div>\n\t\t<\/div>\n\t\t\t\t\t<\/div>\n\t\t<\/section>\n\t\t\t\t<\/div>\n\t\t","protected":false},"excerpt":{"rendered":"<p>Ses Hastal\u0131klar\u0131 Konu\u015farak kendimizi ifade etmemizin temelini sesimiz olu\u015fturur. Bo\u011faz k\u0131sm\u0131nda yer alan ses tellerinin titre\u015fimine ba\u011fl\u0131 olarak a\u00e7\u0131\u011fa \u00e7\u0131kan ses bir ki\u015finin kendini ifade etmesini ve konu\u015fmas\u0131n\u0131 sa\u011flar. Ses, \u00fcst solunum yollar\u0131na ba\u011fl\u0131 olarak olu\u015fan komplikasyonlar, ses tellerinin zedelenmesi ve daha pek \u00e7ok sebepten kaynakl\u0131 zarar g\u00f6rebilir. Bu zararlar ge\u00e7ici veya kal\u0131c\u0131 olmas\u0131n\u0131n yan\u0131 [&hellip;]<\/p>\n","protected":false},"author":1,"featured_media":0,"parent":0,"menu_order":0,"comment_status":"closed","ping_status":"closed","template":"","meta":{"footnotes":""},"class_list":["post-2211","page","type-page","status-publish","hentry"],"_links":{"self":[{"href":"https:\/\/suleymankumbasar.com\/index.php?rest_route=\/wp\/v2\/pages\/2211","targetHints":{"allow":["GET"]}}],"collection":[{"href":"https:\/\/suleymankumbasar.com\/index.php?rest_route=\/wp\/v2\/pages"}],"about":[{"href":"https:\/\/suleymankumbasar.com\/index.php?rest_route=\/wp\/v2\/types\/page"}],"author":[{"embeddable":true,"href":"https:\/\/suleymankumbasar.com\/index.php?rest_route=\/wp\/v2\/users\/1"}],"replies":[{"embeddable":true,"href":"https:\/\/suleymankumbasar.com\/index.php?rest_route=%2Fwp%2Fv2%2Fcomments&post=2211"}],"version-history":[{"count":8,"href":"https:\/\/suleymankumbasar.com\/index.php?rest_route=\/wp\/v2\/pages\/2211\/revisions"}],"predecessor-version":[{"id":2613,"href":"https:\/\/suleymankumbasar.com\/index.php?rest_route=\/wp\/v2\/pages\/2211\/revisions\/2613"}],"wp:attachment":[{"href":"https:\/\/suleymankumbasar.com\/index.php?rest_route=%2Fwp%2Fv2%2Fmedia&parent=2211"}],"curies":[{"name":"wp","href":"https:\/\/api.w.org\/{rel}","templated":true}]}}